{"id":34,"date":"2023-01-15T14:14:38","date_gmt":"2023-01-15T14:14:38","guid":{"rendered":"https:\/\/volkswagen-umbauen.de\/?page_id=34"},"modified":"2024-08-31T09:18:31","modified_gmt":"2024-08-31T09:18:31","slug":"start","status":"publish","type":"page","link":"https:\/\/volkswagen-umbauen.de\/","title":{"rendered":"Start"},"content":{"rendered":"\t\t<div data-elementor-type=\"wp-page\" data-elementor-id=\"34\" class=\"elementor elementor-34\" data-elementor-post-type=\"page\">\n\t\t\t\t\t\t<section class=\"elementor-section elementor-top-section elementor-element elementor-element-66b2d78 elementor-section-full_width elementor-section-content-top elementor-section-height-default elementor-section-height-default\" data-id=\"66b2d78\" data-element_type=\"section\">\n\t\t\t\t\t\t<div class=\"elementor-container elementor-column-gap-default\">\n\t\t\t\t\t<div class=\"elementor-column elementor-col-100 elementor-top-column elementor-element elementor-element-d8bab7d\" data-id=\"d8bab7d\" data-element_type=\"column\">\n\t\t\t<div class=\"elementor-widget-wrap elementor-element-populated\">\n\t\t\t\t\t\t<section class=\"elementor-section elementor-inner-section elementor-element elementor-element-49061a6 elementor-section-full_width elementor-section-content-top elementor-section-height-default elementor-section-height-default\" data-id=\"49061a6\" data-element_type=\"section\">\n\t\t\t\t\t\t<div class=\"elementor-container elementor-column-gap-default\">\n\t\t\t\t\t<div class=\"elementor-column elementor-col-50 elementor-inner-column elementor-element elementor-element-af95a16 blue-bg\" data-id=\"af95a16\" data-element_type=\"column\" data-settings=\"{&quot;background_background&quot;:&quot;gradient&quot;}\">\n\t\t\t<div class=\"elementor-widget-wrap elementor-element-populated\">\n\t\t\t\t\t\t<div class=\"elementor-element elementor-element-e611133 elementor-widget elementor-widget-heading\" data-id=\"e611133\" data-element_type=\"widget\" data-widget_type=\"heading.default\">\n\t\t\t\t<div class=\"elementor-widget-container\">\n\t\t\t<style>\/*! elementor - v3.23.0 - 25-07-2024 *\/\n.elementor-heading-title{padding:0;margin:0;line-height:1}.elementor-widget-heading .elementor-heading-title[class*=elementor-size-]>a{color:inherit;font-size:inherit;line-height:inherit}.elementor-widget-heading .elementor-heading-title.elementor-size-small{font-size:15px}.elementor-widget-heading .elementor-heading-title.elementor-size-medium{font-size:19px}.elementor-widget-heading .elementor-heading-title.elementor-size-large{font-size:29px}.elementor-widget-heading .elementor-heading-title.elementor-size-xl{font-size:39px}.elementor-widget-heading .elementor-heading-title.elementor-size-xxl{font-size:59px}<\/style><h1 class=\"elementor-heading-title elementor-size-default\">Pro\u00adzess\u00adtag:\n<b>VW Haupt\u00adver\u00adhand\u00adlung<\/b><br>krea\u00adtiv beglei\u00adten<\/h1>\t\t<\/div>\n\t\t\t\t<\/div>\n\t\t\t\t<div class=\"elementor-element elementor-element-fe6f6e9 white-p elementor-widget elementor-widget-text-editor\" data-id=\"fe6f6e9\" data-element_type=\"widget\" data-widget_type=\"text-editor.default\">\n\t\t\t\t<div class=\"elementor-widget-container\">\n\t\t\t<style>\/*! elementor - v3.23.0 - 25-07-2024 *\/\n.elementor-widget-text-editor.elementor-drop-cap-view-stacked .elementor-drop-cap{background-color:#69727d;color:#fff}.elementor-widget-text-editor.elementor-drop-cap-view-framed .elementor-drop-cap{color:#69727d;border:3px solid;background-color:transparent}.elementor-widget-text-editor:not(.elementor-drop-cap-view-default) .elementor-drop-cap{margin-top:8px}.elementor-widget-text-editor:not(.elementor-drop-cap-view-default) .elementor-drop-cap-letter{width:1em;height:1em}.elementor-widget-text-editor .elementor-drop-cap{float:left;text-align:center;line-height:1;font-size:50px}.elementor-widget-text-editor .elementor-drop-cap-letter{display:inline-block}<\/style>\t\t\t\t<p>W\u00e4h\u00adrend die Haupt\u00adver\u00adsamm\u00adlung von VW am <b>29.05.2024<\/b> im vir\u00adtu\u00adel\u00adlen Raum statt fand, gab es am VW-Stamm\u00adsitz in Wolfs\u00adburg <b>Pro\u00adtest auf der Stra\u00ad\u00dfe, auf dem Was\u00adser und in der Luft<\/b>. Und weil VW die\u00adse Web\u00adsite gar nicht gefiel, gab es nach dem Pro\u00adtest den Pro\u00adzess. Herz\u00adlichs\u00adten Dank f\u00fcr die Ein\u00adla\u00addung. Ist die\u00adse Web\u00adsite hier von der Kunst\u00adfrei\u00adheit gedeckt? Na klar!<\/p>\t\t\t\t\t\t<\/div>\n\t\t\t\t<\/div>\n\t\t\t\t\t<\/div>\n\t\t<\/div>\n\t\t\t\t<div class=\"elementor-column elementor-col-50 elementor-inner-column elementor-element elementor-element-0b47b6a elementor-hidden-mobile\" data-id=\"0b47b6a\" data-element_type=\"column\" data-settings=\"{&quot;background_background&quot;:&quot;classic&quot;}\">\n\t\t\t<div class=\"elementor-widget-wrap elementor-element-populated\">\n\t\t\t\t\t<div class=\"elementor-background-overlay\"><\/div>\n\t\t\t\t\t\t<div class=\"elementor-element elementor-element-b66b6bc elementor-widget elementor-widget-spacer\" data-id=\"b66b6bc\" data-element_type=\"widget\" data-widget_type=\"spacer.default\">\n\t\t\t\t<div class=\"elementor-widget-container\">\n\t\t\t<style>\/*! elementor - v3.23.0 - 25-07-2024 *\/\n.elementor-column .elementor-spacer-inner{height:var(--spacer-size)}.e-con{--container-widget-width:100%}.e-con-inner>.elementor-widget-spacer,.e-con>.elementor-widget-spacer{width:var(--container-widget-width,var(--spacer-size));--align-self:var(--container-widget-align-self,initial);--flex-shrink:0}.e-con-inner>.elementor-widget-spacer>.elementor-widget-container,.e-con>.elementor-widget-spacer>.elementor-widget-container{height:100%;width:100%}.e-con-inner>.elementor-widget-spacer>.elementor-widget-container>.elementor-spacer,.e-con>.elementor-widget-spacer>.elementor-widget-container>.elementor-spacer{height:100%}.e-con-inner>.elementor-widget-spacer>.elementor-widget-container>.elementor-spacer>.elementor-spacer-inner,.e-con>.elementor-widget-spacer>.elementor-widget-container>.elementor-spacer>.elementor-spacer-inner{height:var(--container-widget-height,var(--spacer-size))}.e-con-inner>.elementor-widget-spacer.elementor-widget-empty,.e-con>.elementor-widget-spacer.elementor-widget-empty{position:relative;min-height:22px;min-width:22px}.e-con-inner>.elementor-widget-spacer.elementor-widget-empty .elementor-widget-empty-icon,.e-con>.elementor-widget-spacer.elementor-widget-empty .elementor-widget-empty-icon{position:absolute;top:0;bottom:0;left:0;right:0;margin:auto;padding:0;width:22px;height:22px}<\/style>\t\t<div class=\"elementor-spacer\">\n\t\t\t<div class=\"elementor-spacer-inner\"><\/div>\n\t\t<\/div>\n\t\t\t\t<\/div>\n\t\t\t\t<\/div>\n\t\t\t\t\t<\/div>\n\t\t<\/div>\n\t\t\t\t\t<\/div>\n\t\t<\/section>\n\t\t\t\t\t<\/div>\n\t\t<\/div>\n\t\t\t\t\t<\/div>\n\t\t<\/section>\n\t\t\t\t<section class=\"elementor-section elementor-top-section elementor-element elementor-element-f621aa7 elementor-section-boxed elementor-section-height-default elementor-section-height-default\" data-id=\"f621aa7\" data-element_type=\"section\">\n\t\t\t\t\t\t<div class=\"elementor-container elementor-column-gap-default\">\n\t\t\t\t\t<div class=\"elementor-column elementor-col-100 elementor-top-column elementor-element elementor-element-eddbe5e\" data-id=\"eddbe5e\" data-element_type=\"column\">\n\t\t\t<div class=\"elementor-widget-wrap elementor-element-populated\">\n\t\t\t\t\t\t<div class=\"elementor-element elementor-element-b15ce35 elementor-widget elementor-widget-heading\" data-id=\"b15ce35\" data-element_type=\"widget\" data-widget_type=\"heading.default\">\n\t\t\t\t<div class=\"elementor-widget-container\">\n\t\t\t<h2 class=\"elementor-heading-title elementor-size-default\"><b>R\u00fcck\u00adblick: <\/b>Der Zivil-Pro\u00adzess <b>Volks\u00adwa\u00adgen <\/b>gegen<b> Kunst\u00adfrei\u00adheit<\/b><\/h2>\t\t<\/div>\n\t\t\t\t<\/div>\n\t\t\t\t<div class=\"elementor-element elementor-element-7f4c4a4 asdfg elementor-widget elementor-widget-text-editor\" data-id=\"7f4c4a4\" data-element_type=\"widget\" data-widget_type=\"text-editor.default\">\n\t\t\t\t<div class=\"elementor-widget-container\">\n\t\t\t\t\t\t\t<p>Wie die Pres\u00adse den Pro\u00adzess beschrie\u00adben hat, zeigt die&nbsp;taz sehr gut in ihrem&nbsp;<a href=\"https:\/\/taz.de\/Verkehrswende-Aktivist-vor-Gericht\/!6018249\/\" target=\"_blank\" rel=\"noopener\">Bericht<\/a>:<\/p><p><em>\u201cEine VW-Bahn. Ein VW-Bus. Ein VW-Las\u00adten\u00adrad. \u201eUnse\u00adre drei Pro\u00adto\u00adty\u00adpen aus dem neu\u00aden Stamm\u00adwerk\u201c steht unter den Pik\u00adto\u00adgram\u00admen auf der Web\u00adsei\u00adte \u201eVolks\u00adwa\u00adgen umbau\u00aden\u201c. Dar\u00adun\u00adter ein paar Zita\u00adte aus dem Jahr 2025, von VW-Mit\u00adar\u00adbei\u00adten\u00adden und \u2011bos\u00adsen, die das neue VW-Port\u00adfo\u00adlio, ganz ohne Auto\u00adpro\u00adduk\u00adti\u00adon, lobend her\u00advor\u00adhe\u00adben.\u201d<\/em><\/p><p><em>Die Web\u00adsite wird dem AMSEL44 Umfeld zuge\u00adrech\u00adnet.<\/em><\/p><p><em>\u201cRuf\u00adsch\u00e4\u00addi\u00adgend sei das, fin\u00addet der VW-Vor\u00adstand \u2013 und will den Akti\u00advis\u00adten zivil\u00adrecht\u00adlich belan\u00adgen. Nur gut f\u00fcnf Stun\u00adden bekam [der Akti\u00advist] vom Unter\u00adneh\u00admen Anfang Juni Zeit, um eine Unter\u00adlas\u00adsungs\u00ader\u00adkl\u00e4\u00adrung f\u00fcr zuk\u00fcnf\u00adti\u00adge Anti-VW-Aktio\u00adnen mit VW-Logo zu unter\u00adzeich\u00adnen \u2013 obwohl die Home\u00adpage zu die\u00adsem Zeit\u00adpunkt schon off\u00adline war. [Der Akti\u00advist] unter\u00adschrieb nicht \u2013 am Diens\u00adtag fand nun die m\u00fcnd\u00adli\u00adche Ver\u00adhand\u00adlung im Eil\u00adfah\u00adren statt.\u201d<\/em><\/p><p><em>\u201cDas Vor\u00adge\u00adhen ist nicht un\u00fcb\u00adlich. Man\u00adche Pro\u00adzes\u00adse sind Selbst\u00adzweck: Indem Pri\u00advat\u00adper\u00adso\u00adnen von \u00fcber\u00adm\u00e4ch\u00adti\u00adgen Geg\u00adnern mit Gerichts\u00adver\u00adfah\u00adren \u00fcber\u00adzo\u00adgen wer\u00adden, sol\u00adlen sie ein\u00adge\u00adsch\u00fcch\u00adtert wer\u00adden und sich nicht wei\u00adter enga\u00adgie\u00adren. Slapp hei\u00dft die\u00adse Stra\u00adte\u00adgie. Die Abk\u00fcr\u00adzung steht f\u00fcr Stra\u00adte\u00adgic Lawsu\u00adit against Public Par\u00adti\u00adci\u00adpa\u00adti\u00adon, stra\u00adte\u00adgi\u00adsche Pro\u00adzes\u00adse gegen \u00f6ffent\u00adli\u00adche Betei\u00adli\u00adgung also.\u201d<\/em><\/p><p><em>\u201cIn einer Haupt\u00adver\u00adhand\u00adlung k\u00f6nn\u00adten auch Zeu\u00adgen gela\u00adden wer\u00adden \u2013 die sich dann, so sei\u00adne Hoff\u00adnung, \u00f6ffent\u00adlich zu den ihnen in den Mund geleg\u00adten Zita\u00adten \u00e4u\u00dfern m\u00fcss\u00adten. Unter ande\u00adrem \u00fcber\u00adnimmt in den fik\u00adti\u00adven Zita\u00adten der Web\u00adsei\u00adte Wolf\u00adgang Por\u00adsche Ver\u00adant\u00adwor\u00adtung f\u00fcr die Zwangs\u00adar\u00adbeit in der NS-Zeit, und die aktu\u00adel\u00adle Zwangs\u00adar\u00adbeit f\u00fcr VW durch Uigu\u00adren. \u201eIch w\u00fcr\u00adde ger\u00adne sehen, wie er sich da rauswindet\u201d[,endet der Akti\u00advist vor\u00adfreu\u00addig].\u201d<\/em><\/p>\t\t\t\t\t\t<\/div>\n\t\t\t\t<\/div>\n\t\t\t\t\t<\/div>\n\t\t<\/div>\n\t\t\t\t\t<\/div>\n\t\t<\/section>\n\t\t\t\t<section class=\"elementor-section elementor-top-section elementor-element elementor-element-8c00f03 elementor-section-boxed elementor-section-height-default elementor-section-height-default\" data-id=\"8c00f03\" data-element_type=\"section\">\n\t\t\t\t\t\t<div class=\"elementor-container elementor-column-gap-default\">\n\t\t\t\t\t<div class=\"elementor-column elementor-col-33 elementor-top-column elementor-element elementor-element-d069a30\" data-id=\"d069a30\" data-element_type=\"column\">\n\t\t\t<div class=\"elementor-widget-wrap elementor-element-populated\">\n\t\t\t\t\t\t<div class=\"elementor-element elementor-element-bbdcd19 elementor-widget elementor-widget-button\" data-id=\"bbdcd19\" data-element_type=\"widget\" data-widget_type=\"button.default\">\n\t\t\t\t<div class=\"elementor-widget-container\">\n\t\t\t\t\t<div class=\"elementor-button-wrapper\">\n\t\t\t<a class=\"elementor-button elementor-button-link elementor-size-sm\" href=\"https:\/\/cryptpad.digitalcourage.de\/file\/#\/2\/file\/4+GD3F52aTTgakIOY5T3+9zz\/\">\n\t\t\t\t\t\t<span class=\"elementor-button-content-wrapper\">\n\t\t\t\t\t\t\t\t\t<span class=\"elementor-button-text\">SLAPP-Antrag von VW<\/span>\n\t\t\t\t\t<\/span>\n\t\t\t\t\t<\/a>\n\t\t<\/div>\n\t\t\t\t<\/div>\n\t\t\t\t<\/div>\n\t\t\t\t\t<\/div>\n\t\t<\/div>\n\t\t\t\t<div class=\"elementor-column elementor-col-66 elementor-top-column elementor-element elementor-element-22c11d1\" data-id=\"22c11d1\" data-element_type=\"column\">\n\t\t\t<div class=\"elementor-widget-wrap elementor-element-populated\">\n\t\t\t\t\t\t<div class=\"elementor-element elementor-element-d69335e elementor-widget elementor-widget-text-editor\" data-id=\"d69335e\" data-element_type=\"widget\" data-widget_type=\"text-editor.default\">\n\t\t\t\t<div class=\"elementor-widget-container\">\n\t\t\t\t\t\t\t<p>Uns wur\u00adde der <em>Antrag auf Erlass einer einst\u00adwei\u00adli\u00adgen Ver\u00adf\u00fc\u00adgung<\/em> zuge\u00adspielt, den wir ger\u00adne tei\u00adlen, das Vor\u00adge\u00adhen trans\u00adpa\u00adrent zu machen. <\/p><p>Dar\u00adin ist zu sehen, wel\u00adche Kri\u00adtik bei VW angeb\u00adlich einen Scha\u00adden i.h.V 350.000 EUR ver\u00adur\u00adsacht. \ud83e\udd2b<\/p>\t\t\t\t\t\t<\/div>\n\t\t\t\t<\/div>\n\t\t\t\t\t<\/div>\n\t\t<\/div>\n\t\t\t\t\t<\/div>\n\t\t<\/section>\n\t\t\t\t<section class=\"elementor-section elementor-top-section elementor-element elementor-element-bccd734 elementor-section-boxed elementor-section-height-default elementor-section-height-default\" data-id=\"bccd734\" data-element_type=\"section\">\n\t\t\t\t\t\t<div class=\"elementor-container elementor-column-gap-default\">\n\t\t\t\t\t<div class=\"elementor-column elementor-col-100 elementor-top-column elementor-element elementor-element-da4d5a7\" data-id=\"da4d5a7\" data-element_type=\"column\">\n\t\t\t<div class=\"elementor-widget-wrap elementor-element-populated\">\n\t\t\t\t\t\t<div class=\"elementor-element elementor-element-bb98e96 elementor-widget elementor-widget-heading\" data-id=\"bb98e96\" data-element_type=\"widget\" data-widget_type=\"heading.default\">\n\t\t\t\t<div class=\"elementor-widget-container\">\n\t\t\t<h2 class=\"elementor-heading-title elementor-size-default\"><b>Zur Geschich\u00adte:<\/b><\/h2>\t\t<\/div>\n\t\t\t\t<\/div>\n\t\t\t\t<div class=\"elementor-element elementor-element-1b56e9e asdfg elementor-widget elementor-widget-text-editor\" data-id=\"1b56e9e\" data-element_type=\"widget\" data-widget_type=\"text-editor.default\">\n\t\t\t\t<div class=\"elementor-widget-container\">\n\t\t\t\t\t\t\t<p>&nbsp;<\/p><p><strong><i><img decoding=\"async\" class=\"emoji\" role=\"img\" draggable=\"false\" src=\"https:\/\/s.w.org\/images\/core\/emoji\/15.0.3\/svg\/26a0.svg\" alt=\"\u26a0\ufe0f\">ACH\u00adTUNG <img decoding=\"async\" class=\"emoji\" role=\"img\" draggable=\"false\" src=\"https:\/\/s.w.org\/images\/core\/emoji\/15.0.3\/svg\/26a0.svg\" alt=\"\u26a0\ufe0f\"> ACH\u00adTUNG \u26a0\ufe0f ACH\u00adTUNG<img decoding=\"async\" class=\"emoji\" role=\"img\" draggable=\"false\" src=\"https:\/\/s.w.org\/images\/core\/emoji\/15.0.3\/svg\/26a0.svg\" alt=\"\u26a0\ufe0f\"> ACH\u00adTUNG \u26a0\ufe0f ACH\u00adTUNG \u26a0\ufe0f<\/i><\/strong><\/p><p>&nbsp;<\/p><p><i>Volks\u00adwa\u00adgen w\u00fcnscht sich einen mei\u00adnungs\u00adfrei\u00aden Raum in ihren Hoheits\u00adge\u00adbie\u00adten und m\u00f6ch\u00adte des\u00adwe\u00adgen die fol\u00adgen\u00adden Inhal\u00adte und die Auf\u00adma\u00adchung die\u00adser Web\u00adsite unter\u00adsa\u00adgen, die damals auf den Akti\u00adons\u00adtag in Wolfs\u00adburg hin\u00adwies.<\/i><i><\/i><\/p><p>&nbsp;<\/p><p><strong><i><img decoding=\"async\" class=\"emoji\" role=\"img\" draggable=\"false\" src=\"https:\/\/s.w.org\/images\/core\/emoji\/15.0.3\/svg\/26a0.svg\" alt=\"\u26a0\ufe0f\">ACH\u00adTUNG <img decoding=\"async\" class=\"emoji\" role=\"img\" draggable=\"false\" src=\"https:\/\/s.w.org\/images\/core\/emoji\/15.0.3\/svg\/26a0.svg\" alt=\"\u26a0\ufe0f\"> ACH\u00adTUNG \u26a0\ufe0f ACH\u00adTUNG<img decoding=\"async\" class=\"emoji\" role=\"img\" draggable=\"false\" src=\"https:\/\/s.w.org\/images\/core\/emoji\/15.0.3\/svg\/26a0.svg\" alt=\"\u26a0\ufe0f\"> ACH\u00adTUNG \u26a0\ufe0f ACH\u00adTUNG \u26a0\ufe0f<\/i><\/strong><\/p>\t\t\t\t\t\t<\/div>\n\t\t\t\t<\/div>\n\t\t\t\t<div class=\"elementor-element elementor-element-279e537 elementor-widget elementor-widget-heading\" data-id=\"279e537\" data-element_type=\"widget\" data-widget_type=\"heading.default\">\n\t\t\t\t<div class=\"elementor-widget-container\">\n\t\t\t<h2 class=\"elementor-heading-title elementor-size-default\">Lasst die Fest\u00adspie\u00adle <strong>begin\u00adnen! <\/strong><\/h2>\t\t<\/div>\n\t\t\t\t<\/div>\n\t\t\t\t<div class=\"elementor-element elementor-element-7343df5 asdfg elementor-widget elementor-widget-text-editor\" data-id=\"7343df5\" data-element_type=\"widget\" data-widget_type=\"text-editor.default\">\n\t\t\t\t<div class=\"elementor-widget-container\">\n\t\t\t\t\t\t\t<p>Volks\u00adwa\u00adgen ver\u00adsteckt sich am <b>29.05.<\/b> im vir\u00adtu\u00adel\u00adlen Raum und m\u00f6ch\u00adte damit den Pro\u00adtest aus dem letz\u00adten Jahr ent\u00adflie\u00adhen. Die\u00adsen Gefal\u00adlen wer\u00adden wir ihnen nicht tun. Umso wich\u00adti\u00adger ist es nun krea\u00adtiv zu wer\u00adden und klar zu machen: Wir brin\u00adgen die Aktio\u00adnen aus dem letz\u00adten Jahr auf krea\u00adti\u00adve Wei\u00adse zum Stamm\u00adsitz von Volks\u00adwa\u00adgen nach Wolfs\u00adburg.&nbsp;<\/p>\n<p><\/p>\n<p>Zum Live\u00adti\u00adcker:&nbsp;<a style=\"font-family: 'Inter var', -apple-system, BlinkMacSystemFont, 'Helvetica Neue', Helvetica, sans-serif; font-size: 1.8rem; letter-spacing: -0.015em;\" href=\"https:\/\/blog.verkehrswendestadt.de\/liveticker\" target=\"_blank\" rel=\"noopener\">https:\/\/blog.verkehrswendestadt.de\/liveticker<\/a><br>Insta\u00adgram: <a href=\"https:\/\/www.instagram.com\/disrupt__now\/\" target=\"_blank\" rel=\"noopener\">disrupt__now<\/a><br>Mast\u00ado\u00addon:&nbsp;<a href=\"https:\/\/climatejustice.social\/@disrupt\" target=\"_blank\">@disrupt@climatejustice.social<\/a> | <a href=\"https:\/\/verkehrswende.social\/@verkehrswendestadt\" target=\"_blank\" rel=\"noopener\">@verkehrswendestad<\/a><a href=\"https:\/\/verkehrswende.social\/@verkehrswendestadt\" target=\"_blank\" rel=\"noopener\">@verkehrswende.social<\/a><br>X \/ Twit\u00adter: <a href=\"https:\/\/twitter.com\/aktion_autofrei\" target=\"_blank\" rel=\"noopener\">aktion_autofrei<\/a><br>Pres\u00adse\u00adkon\u00adtakt: post@amsel44.de | 05361 83 41 07 9<br>Wei\u00adte\u00adre Infos: verkehrswendestadt.de | amsel44.de<\/p>\n<div>&nbsp;<\/div>\n<h1><small>@disrupt@climatejustice.social <\/small><\/h1>\t\t\t\t\t\t<\/div>\n\t\t\t\t<\/div>\n\t\t\t\t\t<\/div>\n\t\t<\/div>\n\t\t\t\t\t<\/div>\n\t\t<\/section>\n\t\t\t\t<section class=\"elementor-section elementor-top-section elementor-element elementor-element-098190a elementor-section-boxed elementor-section-height-default elementor-section-height-default\" data-id=\"098190a\" data-element_type=\"section\">\n\t\t\t\t\t\t<div class=\"elementor-container elementor-column-gap-default\">\n\t\t\t\t\t<div class=\"elementor-column elementor-col-100 elementor-top-column elementor-element elementor-element-cee5b29\" data-id=\"cee5b29\" data-element_type=\"column\">\n\t\t\t<div class=\"elementor-widget-wrap elementor-element-populated\">\n\t\t\t\t\t\t<div class=\"elementor-element elementor-element-6505408 elementor-widget elementor-widget-heading\" data-id=\"6505408\" data-element_type=\"widget\" data-widget_type=\"heading.default\">\n\t\t\t\t<div class=\"elementor-widget-container\">\n\t\t\t<h4 class=\"elementor-heading-title elementor-size-default\"><strong>Trans\u00adfor\u00adma\u00adti\u00adon kon\u00adkret:<\/strong> Unse\u00adre drei Pro\u00adto\u00adty\u00adpen aus dem neu\u00aden Stamm\u00adwerk<\/h4>\t\t<\/div>\n\t\t\t\t<\/div>\n\t\t\t\t<section class=\"elementor-section elementor-inner-section elementor-element elementor-element-30f877f elementor-section-boxed elementor-section-height-default elementor-section-height-default\" data-id=\"30f877f\" data-element_type=\"section\">\n\t\t\t\t\t\t<div class=\"elementor-container elementor-column-gap-default\">\n\t\t\t\t\t<div class=\"elementor-column elementor-col-33 elementor-inner-column elementor-element elementor-element-3d616d1\" data-id=\"3d616d1\" data-element_type=\"column\">\n\t\t\t<div class=\"elementor-widget-wrap elementor-element-populated\">\n\t\t\t\t\t\t<div class=\"elementor-element elementor-element-a4d1068 hover-img elementor-widget elementor-widget-image\" data-id=\"a4d1068\" data-element_type=\"widget\" data-widget_type=\"image.default\">\n\t\t\t\t<div class=\"elementor-widget-container\">\n\t\t\t<style>\/*! elementor - v3.23.0 - 25-07-2024 *\/\n.elementor-widget-image{text-align:center}.elementor-widget-image a{display:inline-block}.elementor-widget-image a img[src$=\".svg\"]{width:48px}.elementor-widget-image img{vertical-align:middle;display:inline-block}<\/style>\t\t\t\t\t\t\t\t\t\t<img fetchpriority=\"high\" decoding=\"async\" width=\"580\" height=\"580\" src=\"https:\/\/volkswagen-umbauen.de\/wp-content\/uploads\/2023\/01\/Prototypen_V02_Zeichenflaeche-1-Kopie-4-1024x1024.png\" class=\"attachment-large size-large wp-image-317\" alt srcset=\"https:\/\/volkswagen-umbauen.de\/wp-content\/uploads\/2023\/01\/Prototypen_V02_Zeichenflaeche-1-Kopie-4-1024x1024.png 1024w, https:\/\/volkswagen-umbauen.de\/wp-content\/uploads\/2023\/01\/Prototypen_V02_Zeichenflaeche-1-Kopie-4-300x300.png 300w, https:\/\/volkswagen-umbauen.de\/wp-content\/uploads\/2023\/01\/Prototypen_V02_Zeichenflaeche-1-Kopie-4-150x150.png 150w, https:\/\/volkswagen-umbauen.de\/wp-content\/uploads\/2023\/01\/Prototypen_V02_Zeichenflaeche-1-Kopie-4-768x768.png 768w, https:\/\/volkswagen-umbauen.de\/wp-content\/uploads\/2023\/01\/Prototypen_V02_Zeichenflaeche-1-Kopie-4.png 1182w\" sizes=\"(max-width: 580px) 100vw, 580px\">\t\t\t\t\t\t\t\t\t\t\t\t\t<\/div>\n\t\t\t\t<\/div>\n\t\t\t\t<div class=\"elementor-element elementor-element-e568b87 elementor-widget elementor-widget-heading\" data-id=\"e568b87\" data-element_type=\"widget\" data-widget_type=\"heading.default\">\n\t\t\t\t<div class=\"elementor-widget-container\">\n\t\t\t<h5 class=\"elementor-heading-title elementor-size-default\">VW Bus<\/h5>\t\t<\/div>\n\t\t\t\t<\/div>\n\t\t\t\t\t<\/div>\n\t\t<\/div>\n\t\t\t\t<div class=\"elementor-column elementor-col-33 elementor-inner-column elementor-element elementor-element-32d4fb4\" data-id=\"32d4fb4\" data-element_type=\"column\">\n\t\t\t<div class=\"elementor-widget-wrap elementor-element-populated\">\n\t\t\t\t\t\t<div class=\"elementor-element elementor-element-c580463 hover-img elementor-widget elementor-widget-image\" data-id=\"c580463\" data-element_type=\"widget\" data-widget_type=\"image.default\">\n\t\t\t\t<div class=\"elementor-widget-container\">\n\t\t\t\t\t\t\t\t\t\t\t\t\t<img decoding=\"async\" width=\"580\" height=\"580\" src=\"https:\/\/volkswagen-umbauen.de\/wp-content\/uploads\/2023\/01\/Prototypen_V02_Zeichenflaeche-1-Kopie-5-1024x1024.png\" class=\"attachment-large size-large wp-image-318\" alt srcset=\"https:\/\/volkswagen-umbauen.de\/wp-content\/uploads\/2023\/01\/Prototypen_V02_Zeichenflaeche-1-Kopie-5-1024x1024.png 1024w, https:\/\/volkswagen-umbauen.de\/wp-content\/uploads\/2023\/01\/Prototypen_V02_Zeichenflaeche-1-Kopie-5-300x300.png 300w, https:\/\/volkswagen-umbauen.de\/wp-content\/uploads\/2023\/01\/Prototypen_V02_Zeichenflaeche-1-Kopie-5-150x150.png 150w, https:\/\/volkswagen-umbauen.de\/wp-content\/uploads\/2023\/01\/Prototypen_V02_Zeichenflaeche-1-Kopie-5-768x767.png 768w, https:\/\/volkswagen-umbauen.de\/wp-content\/uploads\/2023\/01\/Prototypen_V02_Zeichenflaeche-1-Kopie-5.png 1183w\" sizes=\"(max-width: 580px) 100vw, 580px\">\t\t\t\t\t\t\t\t\t\t\t\t\t<\/div>\n\t\t\t\t<\/div>\n\t\t\t\t<div class=\"elementor-element elementor-element-df04843 elementor-widget elementor-widget-heading\" data-id=\"df04843\" data-element_type=\"widget\" data-widget_type=\"heading.default\">\n\t\t\t\t<div class=\"elementor-widget-container\">\n\t\t\t<h4 class=\"elementor-heading-title elementor-size-default\">VW Bahn<\/h4>\t\t<\/div>\n\t\t\t\t<\/div>\n\t\t\t\t\t<\/div>\n\t\t<\/div>\n\t\t\t\t<div class=\"elementor-column elementor-col-33 elementor-inner-column elementor-element elementor-element-1bb9e9e\" data-id=\"1bb9e9e\" data-element_type=\"column\">\n\t\t\t<div class=\"elementor-widget-wrap elementor-element-populated\">\n\t\t\t\t\t\t<div class=\"elementor-element elementor-element-f192f86 hover-img elementor-widget elementor-widget-image\" data-id=\"f192f86\" data-element_type=\"widget\" data-widget_type=\"image.default\">\n\t\t\t\t<div class=\"elementor-widget-container\">\n\t\t\t\t\t\t\t\t\t\t\t\t\t<img decoding=\"async\" width=\"580\" height=\"580\" src=\"https:\/\/volkswagen-umbauen.de\/wp-content\/uploads\/2023\/01\/Prototypen_V02_Zeichenflaeche-1-Kopie-8-1024x1024.png\" class=\"attachment-large size-large wp-image-319\" alt srcset=\"https:\/\/volkswagen-umbauen.de\/wp-content\/uploads\/2023\/01\/Prototypen_V02_Zeichenflaeche-1-Kopie-8-1024x1024.png 1024w, https:\/\/volkswagen-umbauen.de\/wp-content\/uploads\/2023\/01\/Prototypen_V02_Zeichenflaeche-1-Kopie-8-300x300.png 300w, https:\/\/volkswagen-umbauen.de\/wp-content\/uploads\/2023\/01\/Prototypen_V02_Zeichenflaeche-1-Kopie-8-150x150.png 150w, https:\/\/volkswagen-umbauen.de\/wp-content\/uploads\/2023\/01\/Prototypen_V02_Zeichenflaeche-1-Kopie-8-768x768.png 768w, https:\/\/volkswagen-umbauen.de\/wp-content\/uploads\/2023\/01\/Prototypen_V02_Zeichenflaeche-1-Kopie-8.png 1182w\" sizes=\"(max-width: 580px) 100vw, 580px\">\t\t\t\t\t\t\t\t\t\t\t\t\t<\/div>\n\t\t\t\t<\/div>\n\t\t\t\t<div class=\"elementor-element elementor-element-017ea6c elementor-widget elementor-widget-heading\" data-id=\"017ea6c\" data-element_type=\"widget\" data-widget_type=\"heading.default\">\n\t\t\t\t<div class=\"elementor-widget-container\">\n\t\t\t<h4 class=\"elementor-heading-title elementor-size-default\">VW Las\u00adten\u00adrad<\/h4>\t\t<\/div>\n\t\t\t\t<\/div>\n\t\t\t\t\t<\/div>\n\t\t<\/div>\n\t\t\t\t\t<\/div>\n\t\t<\/section>\n\t\t\t\t\t<\/div>\n\t\t<\/div>\n\t\t\t\t\t<\/div>\n\t\t<\/section>\n\t\t\t\t<section class=\"elementor-section elementor-top-section elementor-element elementor-element-9812774 elementor-section-boxed elementor-section-height-default elementor-section-height-default\" data-id=\"9812774\" data-element_type=\"section\">\n\t\t\t\t\t\t<div class=\"elementor-container elementor-column-gap-default\">\n\t\t\t\t\t<div class=\"elementor-column elementor-col-100 elementor-top-column elementor-element elementor-element-4f3ab00\" data-id=\"4f3ab00\" data-element_type=\"column\">\n\t\t\t<div class=\"elementor-widget-wrap elementor-element-populated\">\n\t\t\t\t\t\t<section class=\"elementor-section elementor-inner-section elementor-element elementor-element-5a35d18 elementor-reverse-mobile elementor-section-boxed elementor-section-height-default elementor-section-height-default\" data-id=\"5a35d18\" data-element_type=\"section\">\n\t\t\t\t\t\t<div class=\"elementor-container elementor-column-gap-default\">\n\t\t\t\t\t<div class=\"elementor-column elementor-col-50 elementor-inner-column elementor-element elementor-element-65dbab4\" data-id=\"65dbab4\" data-element_type=\"column\">\n\t\t\t<div class=\"elementor-widget-wrap elementor-element-populated\">\n\t\t\t\t\t\t<div class=\"elementor-element elementor-element-151acf2 elementor-widget elementor-widget-text-editor\" data-id=\"151acf2\" data-element_type=\"widget\" data-widget_type=\"text-editor.default\">\n\t\t\t\t<div class=\"elementor-widget-container\">\n\t\t\t\t\t\t\t<p>Es ist Zeit f\u00fcr Ver\u00ad\u00e4n\u00adde\u00adrung und end\u00adlich Ver\u00adant\u00adwor\u00adtung zu \u00fcber\u00adneh\u00admen. Kei\u00adne wei\u00adte\u00adre Aus\u00adsch\u00fct\u00adtung von Divi\u00adden\u00adden. Es darf nicht sein, dass Ver\u00adlus\u00adte sozia\u00adli\u00adsiert und Gewin\u00adne pri\u00adva\u00adti\u00adsiert wer\u00adden. Das ist zum Schrei\u00aden unge\u00adrecht und das machen wir nicht mehr mit. Wir kom\u00admen am 29.05. nach Wolfs\u00adburg und wer\u00adden dort aktiv, wo es n\u00f6tig ist. In der H\u00f6h\u00adle des L\u00f6wen, in der VW-Stadt Wolfs\u00adburg, im Her\u00adzen der Auto\u00admo\u00adbil\u00adin\u00addus\u00adtrie. Aus\u00addr\u00fcck\u00adlich rich\u00adten wir uns mit den Aktio\u00adnen nicht gegen die Arbeiter*innen, son\u00addern gegen ein unbe\u00adre\u00adchen\u00adba\u00adres Manage\u00adment, wel\u00adches nie\u00admals Natur oder Arbeits\u00adpl\u00e4t\u00adze im Sinn hat, wenn es nicht den Pro\u00adfit stei\u00adgert. Aber die Zeit des Lebens auf Kos\u00adten Ande\u00adrer ist nun vor\u00adbei. Wir kom\u00admen nach Wolfs\u00adburg und sind Sand im Getrie\u00adbe, Zucker im Tank. Wir brau\u00adchen einen sozi\u00adal-\u00f6ko\u00adlo\u00adgi\u00adschen Umbau nur zwei Zuta\u00adten:<\/p>\t\t\t\t\t\t<\/div>\n\t\t\t\t<\/div>\n\t\t\t\t\t<\/div>\n\t\t<\/div>\n\t\t\t\t<div class=\"elementor-column elementor-col-50 elementor-inner-column elementor-element elementor-element-7c609fc\" data-id=\"7c609fc\" data-element_type=\"column\">\n\t\t\t<div class=\"elementor-widget-wrap elementor-element-populated\">\n\t\t\t\t\t\t<div class=\"elementor-element elementor-element-d530435 elementor-widget elementor-widget-heading\" data-id=\"d530435\" data-element_type=\"widget\" data-widget_type=\"heading.default\">\n\t\t\t\t<div class=\"elementor-widget-container\">\n\t\t\t<h4 class=\"elementor-heading-title elementor-size-default\"><b>Kon\u00adver\u00adsi\u00adon: <\/b>Umbau von VW. Vom Auto\u00admo\u00adbil- zum Mobi\u00adli\u00adt\u00e4ts\u00adkon\u00adzern. Stra\u00ad\u00dfen\u00adbah\u00adnen, Bus\u00adse und Las\u00adten\u00adr\u00e4\u00adder statt Autos. <b>\n<br>\nVer\u00adge\u00adsell\u00adschaf\u00adtung: <\/b>VW f\u00fcr alle. Fabri\u00adken denen, die dar\u00adin arbei\u00adten. Wir k\u00f6n\u00adnen uns Wolf\u00adgang und das Emi\u00adrat Katar nicht l\u00e4n\u00adger leis\u00adten. Arbeiter*innen ent\u00adschei\u00adden, was wie und wo pro\u00addu\u00adziert wird.<\/h4>\t\t<\/div>\n\t\t\t\t<\/div>\n\t\t\t\t\t<\/div>\n\t\t<\/div>\n\t\t\t\t\t<\/div>\n\t\t<\/section>\n\t\t\t\t\t<\/div>\n\t\t<\/div>\n\t\t\t\t\t<\/div>\n\t\t<\/section>\n\t\t\t\t<section class=\"elementor-section elementor-top-section elementor-element elementor-element-c2af741 elementor-section-boxed elementor-section-height-default elementor-section-height-default\" data-id=\"c2af741\" data-element_type=\"section\">\n\t\t\t\t\t\t<div class=\"elementor-container elementor-column-gap-default\">\n\t\t\t\t\t<div class=\"elementor-column elementor-col-100 elementor-top-column elementor-element elementor-element-0ce5e97\" data-id=\"0ce5e97\" data-element_type=\"column\">\n\t\t\t<div class=\"elementor-widget-wrap elementor-element-populated\">\n\t\t\t\t\t\t<div class=\"elementor-element elementor-element-b97326e elementor-widget elementor-widget-heading\" data-id=\"b97326e\" data-element_type=\"widget\" data-widget_type=\"heading.default\">\n\t\t\t\t<div class=\"elementor-widget-container\">\n\t\t\t<h2 class=\"elementor-heading-title elementor-size-default\">Ein biss\u00adchen <strong>Pres\u00adse\u2026 <\/strong><\/h2>\t\t<\/div>\n\t\t\t\t<\/div>\n\t\t\t\t<div class=\"elementor-element elementor-element-67b537e hover-img elementor-widget elementor-widget-image\" data-id=\"67b537e\" data-element_type=\"widget\" data-widget_type=\"image.default\">\n\t\t\t\t<div class=\"elementor-widget-container\">\n\t\t\t\t\t\t\t\t\t\t\t\t\t<img loading=\"lazy\" decoding=\"async\" width=\"580\" height=\"293\" src=\"https:\/\/volkswagen-umbauen.de\/wp-content\/uploads\/2024\/07\/Screenshot_20240724_184426-1024x517.png\" class=\"attachment-large size-large wp-image-711\" alt srcset=\"https:\/\/volkswagen-umbauen.de\/wp-content\/uploads\/2024\/07\/Screenshot_20240724_184426-1024x517.png 1024w, https:\/\/volkswagen-umbauen.de\/wp-content\/uploads\/2024\/07\/Screenshot_20240724_184426-300x151.png 300w, https:\/\/volkswagen-umbauen.de\/wp-content\/uploads\/2024\/07\/Screenshot_20240724_184426-768x388.png 768w, https:\/\/volkswagen-umbauen.de\/wp-content\/uploads\/2024\/07\/Screenshot_20240724_184426-1200x606.png 1200w, https:\/\/volkswagen-umbauen.de\/wp-content\/uploads\/2024\/07\/Screenshot_20240724_184426.png 1482w\" sizes=\"(max-width: 580px) 100vw, 580px\">\t\t\t\t\t\t\t\t\t\t\t\t\t<\/div>\n\t\t\t\t<\/div>\n\t\t\t\t<div class=\"elementor-element elementor-element-2c05cd3 asdfg elementor-widget elementor-widget-text-editor\" data-id=\"2c05cd3\" data-element_type=\"widget\" data-widget_type=\"text-editor.default\">\n\t\t\t\t<div class=\"elementor-widget-container\">\n\t\t\t\t\t\t\t<ul><li><strong><a href=\"https:\/\/archive.ph\/Z04zU\" target=\"_blank\" rel=\"noopener\"><span style=\"background-color: var( --e-global-color-baab182 );\">15.5.<\/span><\/a><a href=\"https:\/\/archive.ph\/Z04zU\" target=\"_blank\" rel=\"noopener\"><span style=\"background-color: var( --e-global-color-baab182 );\"> | VW-Haupt\u00adver\u00adsamm\u00adlung: Akti\u00advis\u00adten k\u00fcn\u00addi\u00adgen \u201cFest\u00adspie\u00adle\u201d in Wolfs\u00adburg an | Wolfs\u00adbur\u00adger Nach\u00adrich\u00adten<\/span><\/a><\/strong><\/li><li><strong><a href=\"https:\/\/www.news38.de\/wolfsburg\/vw\/article300361881\/vw-hauptversammlung-aktivisten-plakate-porsche-news.html\" target=\"_blank\" rel=\"noopener\"><span style=\"background-color: var( --e-global-color-baab182 );\">16.5. | VW: Wir\u00adbel vor Haupt\u00adver\u00adsamm\u00adlung! Akti\u00advis\u00adten k\u00fcn\u00addi\u00adgen \u201eFest\u00adspie\u00adle\u201c an | news 38<\/span><\/a><\/strong><\/li><li><strong><a href=\"https:\/\/archive.ph\/r0Lxf\" target=\"_blank\" rel=\"noopener\"><span style=\"background-color: var( --e-global-color-baab182 );\">19.5. | Akti\u00advis\u00adten von AMSEL44 k\u00fcn\u00addi\u00adgen Aktio\u00adnen rund um VW Haupt\u00adver\u00adsamm\u00adlung an&nbsp; | WAZ<\/span><\/a><\/strong><\/li><li><strong><a href=\"https:\/\/archive.ph\/OhIxe\" target=\"_blank\" rel=\"noopener\"><span style=\"background-color: var( --e-global-color-baab182 );\">23.5. | Volks\u00adwa\u00adgen: Akti\u00advis\u00adten k\u00fcn\u00addi\u00adgen Akti\u00adon vor dem Tor-Ost in Wolfs\u00adburg an | WAZ<\/span><\/a><\/strong><\/li><li><strong><a href=\"https:\/\/archive.ph\/p61z5\" target=\"_blank\" rel=\"noopener\"><span style=\"background-color: var( --e-global-color-baab182 );\">25.5. | Digi\u00adta\u00adle VW-Haupt\u00adver\u00adsamm\u00adlung \u2014&nbsp; Akti\u00advis\u00adten pro\u00adtes\u00adtie\u00adren trotz\u00addem | Wolfs\u00adbur\u00adger Nach\u00adrich\u00adten<\/span><\/a><\/strong><\/li><li><strong><a href=\"https:\/\/archive.ph\/I1WCP#selection-2277.3-2277.58\" target=\"_blank\" rel=\"noopener\">27.5. | VW-Haupt\u00adver\u00adsamm\u00adlung \u2013 Aktio\u00adn\u00e4\u00adre strei\u00adten \u00fcber Divi\u00adden\u00adde&nbsp;| Wolfs\u00adbur\u00adger Nach\u00adrich\u00adten<\/a><\/strong><\/li><li><strong><a href=\"https:\/\/www.ftd.de\/finanzen\/aktien-und-maerkte\/vw-hauptversammlung-2024-schwacher-aktien-kurs-viele-baustellen-hohe-dividende\/\" target=\"_blank\" rel=\"noopener\">28.5. | VW Haupt\u00adver\u00adsamm\u00adlung 2024: schwa\u00adcher Akti\u00aden-Kurs, vie\u00adle Bau\u00adstel\u00adlen, hohe Divi\u00adden\u00adde&nbsp;| finanzen.trends.digitales (ftd)<\/a><\/strong><\/li><li><strong><a href=\"https:\/\/archive.ph\/KtjwT#selection-2291.3-2291.56\">28.5. | Kli\u00adma\u00adpro\u00adtes\u00adte rund um die VW-Haupt\u00adver\u00adsamm\u00adlung geplant | Wolfs\u00adbur\u00adger Nach\u00adrich\u00adten<\/a><\/strong><\/li><li><strong><a href=\"https:\/\/archive.ph\/0x7Lf\">28.05. | Akti\u00advis\u00adten k\u00fcn\u00addi\u00adgen \u201cFest\u00adspie\u00adle\u201d zur VW-Haupt\u00adver\u00adsamm\u00adlung an | HAZ<\/a><\/strong><\/li><\/ul><p><strong>29.05. | Tag des Fina\u00adles der Wolfs\u00adbur\u00adger Fest\u00adpie\u00adle<\/strong><\/p><ul><li><strong><a href=\"https:\/\/www.n-tv.de\/wirtschaft\/Virtuelle-VW-Hauptversammlung-aergert-Aktionaere-article24973680.html\">\u201cSie ducken sich weg\u201d \u2014 Vir\u00adtu\u00adel\u00adle Haupt\u00adver\u00adsamm\u00adlung \u00e4rgert Aktio\u00adn\u00e4\u00adre | n\u2011tv<\/a><\/strong><\/li><li><strong><a href=\"https:\/\/www.braunschweiger-zeitung.de\/niedersachsen\/wolfsburg\/article406446929\/volkswagen-laedt-zur-virtuellen-hauptversammlung.html\" target=\"_blank\" rel=\"noopener\">\u201cVW: Golf-Skulp\u00adtur wird zum Fried\u00adhof \u2013 Akti\u00advis\u00adten mit \u201eNacht- und Nebel\u00adak\u00adti\u00adon\u201c\u201d | Wolfs\u00adbur\u00adger N<\/a><a href=\"https:\/\/www.braunschweiger-zeitung.de\/niedersachsen\/wolfsburg\/article406446929\/volkswagen-laedt-zur-virtuellen-hauptversammlung.html\" target=\"_blank\" rel=\"noopener\">ach\u00adrich\u00adten<\/a><\/strong><\/li><li><strong><a href=\"https:\/\/www.news38.de\/wolfsburg\/vw\/article300369035\/vw-golf-aktivisten-hauptversammlung-wolfsburg.html\">VW: Golf-Skulp\u00adtur wird zum Fried\u00adhof \u2013 Akti\u00advis\u00adten mit \u201eNacht- und Nebel\u00adak\u00adti\u00adon\u201c | news38<\/a><\/strong><\/li><li><strong><a href=\"https:\/\/www.news38.de\/wolfsburg\/vw\/article300369035\/vw-golf-aktivisten-hauptversammlung-wolfsburg.html\">VW: Akti\u00advis\u00adten neh\u00admen Haupt\u00adver\u00adsamm\u00adlung ins Visier \u2013 Werks\u00adtor \u201ebesetzt\u201c | news38<\/a><\/strong><\/li><li><strong><a href=\"https:\/\/www.news38.de\/wolfsburg\/vw\/article300369029\/vw-hauptversammlung-aktionare-protest-news.html\">VW trifft Ent\u00adschei\u00addung \u2013 nicht jedem gef\u00e4llt sie! \u201eDas ist sehr bedau\u00ader\u00adlich\u201c | news38<\/a><\/strong><\/li><li><strong><a href=\"https:\/\/www.braunschweiger-zeitung.de\/niedersachsen\/wolfsburg\/article406448777\/trotz-protesten-die-verkehrswende-bleibt-in-wolfsburg-aus.html\">Trotz Pro\u00adtes\u00adten \u2014 die Ver\u00adkehrs\u00adwen\u00adde bleibt in Wolfs\u00adburg aus | Wolfs\u00adbur\u00adger Nach\u00adrich\u00adten<\/a><\/strong><\/li><li><strong><a href=\"https:\/\/www.waz-online.de\/lokales\/wolfsburg\/vw-hauptversammlung-in-wolfsburg-verkehrschaos-und-stau-FQ7I27BW5BCGDMQFEBZ2GYDTIU.html\">Vor VW-Haupt\u00adver\u00adsamm\u00adlung \u2014 Ver\u00adkehrs\u00adchaos und Stau | WAZ<\/a><\/strong><\/li><li><strong><a href=\"https:\/\/www.nd-aktuell.de\/artikel\/1182547.verkehrswende-protest-bei-vw-hauptversammlung.html\">Pro\u00adtest bei VW-Haupt\u00adver\u00adsamm\u00adlung | Neu\u00ades\u00adDeutsch\u00adland<\/a><\/strong><\/li><li><strong><a href=\"https:\/\/www.labournet.de\/branchen\/auto\/auto-brd-allgemein\/vw-fuer-alle-protestaktionen-und-alternative-hauptversammlung-am-29-5-in-wolfsburg-zur-vw-hauptversammlung-2024\/\">VW f\u00fcr Alle \u2014 Pro\u00adtest\u00adak\u00adtio\u00adnen und Alter\u00adna\u00adti\u00adve Haupt\u00adver\u00adsamm\u00adlung | labour\u00adnet<\/a><\/strong><\/li><li><strong><a href=\"https:\/\/www.fr.de\/wirtschaft\/vw-will-beim-elektro-hochlauf-tempo-machen-zr-93097882.html\">VW will beim Elek\u00adtro-Hoch\u00adlauf Tem\u00adpo machen | Frank\u00adfur\u00adter Rund\u00adschau | Wirt\u00adschafts\u00adwo\u00adche&nbsp; | Neue Pres\u00adse | stern<\/a><\/strong><\/li><li><strong><a href=\"https:\/\/www.autobild.de\/artikel\/vw-hauptversammlung-geht-online-meldung-26178769.html\">VW ent\u00adschei\u00addet sich f\u00fcr vir\u00adtu\u00adel\u00adle Haupt\u00adver\u00adsamm\u00adlung | Auto\u00adbild | B\u00f6r\u00adsen\u00adzei\u00adtung |&nbsp;<\/a><\/strong><\/li><li><strong><a href=\"https:\/\/www.t-online.de\/finanzen\/aktuelles\/wirtschaft\/id_100415926\/volkswagen-hauptversammlung-findet-digital-statt-kritik.html\">Volks\u00adwa\u00adgen wegen digi\u00adta\u00adler Haupt\u00adver\u00adsamm\u00adlung in Kri\u00adtik | t\u2011online<\/a><\/strong><\/li><li><strong><a href=\"https:\/\/www.finanzen.net\/nachricht\/aktien\/hauptversammlung-vw-aktie-gibt-ab-vw-will-billig-stromer-ohne-partner-bauen-traton-anteil-soll-reduziert-werden-13554044\">VW-Aktie gibt ab | finanzen.net<\/a><\/strong><\/li><li><strong><a href=\"https:\/\/regionalheute.de\/wolfsburg\/vw-hauptversammlung-wurde-von-protest-aktionen-begleitet-wolfsburg-1717005716\/\">VW Haupt\u00adver\u00adsamm\u00adlung wur\u00adde von Pro\u00adtes\u00adten beglei\u00adtet | regio\u00adnal\u00adheu\u00adte<\/a><\/strong><\/li><li><strong><a href=\"https:\/\/regionalheute.de\/wolfsburg\/system-auto-in-frage-stellen-wolfsburg-1716987694\/\">Sys\u00adtem Auto in Fra\u00adge stel\u00adlen | regio\u00adnal\u00adheu\u00adte<\/a>&nbsp;<\/strong><\/li><li><strong><a href=\"https:\/\/www.braunschweiger-zeitung.de\/niedersachsen\/wolfsburg\/article406446929\/volkswagen-laedt-zur-virtuellen-hauptversammlung.html\">Nach Pro\u00adtest\u00adtag rund um VW-Haupt\u00adver\u00adsamm\u00adlung: Poli\u00adzei zieht Bilanz | Wolfs\u00adbur\u00adger Nach\u00adrich\u00adten<\/a><\/strong><\/li><li><strong><a href=\"https:\/\/www.tagesschau.de\/wirtschaft\/unternehmen\/vw-hauptversammlung-126.html\">VW-Ver\u00adsamm\u00adlung | tages\u00adschau<\/a><\/strong><\/li><li><strong><a href=\"https:\/\/archive.ph\/wh5Yk#selection-2419.11-2419.44\">Man\u00adche Aktio\u00adn\u00e4\u00adre m\u00f6gens hit\u00adzig | Wolfs\u00adbur\u00adger Nach\u00adrich\u00adten<\/a><\/strong><\/li><\/ul><p><strong>30.05.&nbsp;<\/strong><\/p><ul><li><strong><a href=\"https:\/\/taz.de\/!6013833\/\">On- und Off\u00adline Pro\u00adtes\u00adte bei VW-Ver\u00adsamm\u00adlung | TAZ<\/a><\/strong><\/li><li><strong><a href=\"https:\/\/okerwelle.de\/2024\/05\/30\/alternative-hauptversammlung-protest-vor-dem-vw-tor-ost-in-wolfsburg\/\">Alter\u00adna\u00adti\u00adve Haupt\u00adver\u00adsamm\u00adlung |ocker\u00adwel\u00adle<\/a><\/strong><\/li><\/ul><p><strong>31.05.<\/strong><\/p><ul><li><strong><a href=\"https:\/\/taz.de\/Klimaaktivismus-gegen-Volkswagen\/!6010628\/\">Kli\u00adma\u00adak\u00adti\u00advis\u00admus gegen VW in der H\u00f6h\u00adle des L\u00f6wen | TAZ<\/a><\/strong><\/li><\/ul>\t\t\t\t\t\t<\/div>\n\t\t\t\t<\/div>\n\t\t\t\t\t<\/div>\n\t\t<\/div>\n\t\t\t\t\t<\/div>\n\t\t<\/section>\n\t\t\t\t<section class=\"elementor-section elementor-top-section elementor-element elementor-element-c55ccb6 elementor-section-content-top elementor-section-boxed elementor-section-height-default elementor-section-height-default\" data-id=\"c55ccb6\" data-element_type=\"section\">\n\t\t\t\t\t\t<div class=\"elementor-container elementor-column-gap-default\">\n\t\t\t\t\t<div class=\"elementor-column elementor-col-100 elementor-top-column elementor-element elementor-element-ab4b4ba\" data-id=\"ab4b4ba\" data-element_type=\"column\">\n\t\t\t<div class=\"elementor-widget-wrap elementor-element-populated\">\n\t\t\t\t\t\t<div class=\"elementor-element elementor-element-5a672bb elementor-pagination-type-bullets elementor-arrows-position-inside elementor-pagination-position-outside elementor-widget elementor-widget-global elementor-global-564 elementor-widget-loop-carousel\" data-id=\"5a672bb\" data-element_type=\"widget\" data-settings=\"{&quot;template_id&quot;:516,&quot;slides_to_show&quot;:&quot;1&quot;,&quot;image_spacing_custom&quot;:{&quot;unit&quot;:&quot;px&quot;,&quot;size&quot;:50,&quot;sizes&quot;:[]},&quot;slides_to_show_tablet&quot;:&quot;1&quot;,&quot;_skin&quot;:&quot;post&quot;,&quot;slides_to_show_mobile&quot;:&quot;1&quot;,&quot;slides_to_scroll&quot;:&quot;1&quot;,&quot;edit_handle_selector&quot;:&quot;.elementor-widget-container&quot;,&quot;autoplay&quot;:&quot;yes&quot;,&quot;autoplay_speed&quot;:5000,&quot;pause_on_hover&quot;:&quot;yes&quot;,&quot;pause_on_interaction&quot;:&quot;yes&quot;,&quot;infinite&quot;:&quot;yes&quot;,&quot;speed&quot;:500,&quot;offset_sides&quot;:&quot;none&quot;,&quot;arrows&quot;:&quot;yes&quot;,&quot;pagination&quot;:&quot;bullets&quot;,&quot;image_spacing_custom_tablet&quot;:{&quot;unit&quot;:&quot;px&quot;,&quot;size&quot;:&quot;&quot;,&quot;sizes&quot;:[]},&quot;image_spacing_custom_mobile&quot;:{&quot;unit&quot;:&quot;px&quot;,&quot;size&quot;:&quot;&quot;,&quot;sizes&quot;:[]}}\" data-widget_type=\"loop-carousel.post\">\n\t\t\t\t<div class=\"elementor-widget-container\">\n\t\t\t<link rel=\"stylesheet\" href=\"https:\/\/volkswagen-umbauen.de\/wp-content\/plugins\/pro-elements\/assets\/css\/widget-loop-builder.min.css?ver=1721924812\">\t\t<div class=\"swiper elementor-loop-container elementor-grid\" dir=\"ltr\">\n\t\t\t\t<div class=\"swiper-wrapper\" aria-live=\"off\">\n\t\t<style id=\"loop-516\">.elementor-516 .elementor-element.elementor-element-62b5b4e > .elementor-container{max-width:914px;}.elementor-516 .elementor-element.elementor-element-62b5b4e{margin-top:0px;margin-bottom:0px;padding:0px 0px 0px 0px;}.elementor-bc-flex-widget .elementor-516 .elementor-element.elementor-element-bef4dce.elementor-column .elementor-widget-wrap{align-items:flex-start;}.elementor-516 .elementor-element.elementor-element-bef4dce.elementor-column.elementor-element[data-element_type=\"column\"] > .elementor-widget-wrap.elementor-element-populated{align-content:flex-start;align-items:flex-start;}.elementor-516 .elementor-element.elementor-element-bef4dce > .elementor-element-populated{padding:0px 0px 0px 0px;}.elementor-516 .elementor-element.elementor-element-b2dc2d9 > .elementor-container > .elementor-column > .elementor-widget-wrap{align-content:flex-start;align-items:flex-start;}.elementor-516 .elementor-element.elementor-element-b2dc2d9{margin-top:90px;margin-bottom:0px;padding:0px 0px 0px 0px;}.elementor-516 .elementor-element.elementor-element-648ba7a > .elementor-element-populated{transition:background 0.3s, border 0.3s, border-radius 0.3s, box-shadow 0.3s;padding:69px 60px 20px 60px;}.elementor-516 .elementor-element.elementor-element-648ba7a > .elementor-element-populated > .elementor-background-overlay{transition:background 0.3s, border-radius 0.3s, opacity 0.3s;}.elementor-516 .elementor-element.elementor-element-99400dd{font-family:\"vw-head\", Sans-serif;font-size:20px;font-weight:300;}.elementor-516 .elementor-element.elementor-element-cab9116{text-align:right;}.elementor-516 .elementor-element.elementor-element-cab9116 .elementor-heading-title{color:var( --e-global-color-text );font-family:\"vw-head\", Sans-serif;font-size:20px;font-weight:200;line-height:1.2em;letter-spacing:0.2px;}.elementor-516 .elementor-element.elementor-element-cab9116 > .elementor-widget-container{margin:10px 0px 0px 0px;}.elementor-516 .elementor-element.elementor-element-9fbb4e0 > .elementor-element-populated >  .elementor-background-overlay{opacity:1;}.elementor-516 .elementor-element.elementor-element-9fbb4e0 > .elementor-element-populated > .elementor-background-overlay{mix-blend-mode:screen;transition:background 0.3s, border-radius 0.3s, opacity 0.3s;}.elementor-516 .elementor-element.elementor-element-9fbb4e0 > .elementor-element-populated{transition:background 0.3s, border 0.3s, border-radius 0.3s, box-shadow 0.3s;margin:0px 0px 015px 0px;--e-column-margin-right:0px;--e-column-margin-left:0px;padding:0px 0px 0px 0px;}.elementor-516 .elementor-element.elementor-element-9fde2ec img{width:100%;}.elementor-516 .elementor-element.elementor-element-9fde2ec{z-index:3;}.elementor-516 .elementor-element.elementor-element-9fde2ec > .elementor-widget-container{--e-transform-translateX:36px;--e-transform-translateY:-86px;}@media(max-width:1024px){.elementor-516 .elementor-element.elementor-element-cab9116 .elementor-heading-title{font-size:18px;}}@media(max-width:767px){.elementor-516 .elementor-element.elementor-element-bef4dce > .elementor-element-populated{padding:0px 0px 0px 0px;}.elementor-516 .elementor-element.elementor-element-b2dc2d9{margin-top:0px;margin-bottom:0px;}.elementor-516 .elementor-element.elementor-element-648ba7a > .elementor-element-populated{padding:60px 40px 40px 40px;}.elementor-516 .elementor-element.elementor-element-cab9116 .elementor-heading-title{font-size:16px;}.elementor-516 .elementor-element.elementor-element-9fde2ec > .elementor-widget-container{--e-transform-translateX:0px;--e-transform-translateY:0px;}}@media(min-width:768px){.elementor-516 .elementor-element.elementor-element-648ba7a{width:69.355%;}.elementor-516 .elementor-element.elementor-element-9fbb4e0{width:30.597%;}}\n\n\n\n\n\n\n\n<\/style>\t\t<div data-elementor-type=\"loop-item\" data-elementor-id=\"516\" class=\"elementor elementor-516 swiper-slide e-loop-item e-loop-item-644 post-644 q2 type-q2 status-publish has-post-thumbnail hentry\" data-elementor-post-type=\"elementor_library\" role=\"group\" aria-roledescription=\"slide\" data-custom-edit-handle=\"1\">\n\t\t\t\t\t<section class=\"elementor-section elementor-top-section elementor-element elementor-element-62b5b4e elementor-section-boxed elementor-section-height-default elementor-section-height-default\" data-id=\"62b5b4e\" data-element_type=\"section\">\n\t\t\t\t\t\t<div class=\"elementor-container elementor-column-gap-default\">\n\t\t\t\t\t<div class=\"elementor-column elementor-col-100 elementor-top-column elementor-element elementor-element-bef4dce\" data-id=\"bef4dce\" data-element_type=\"column\">\n\t\t\t<div class=\"elementor-widget-wrap elementor-element-populated\">\n\t\t\t\t\t\t<section class=\"elementor-section elementor-inner-section elementor-element elementor-element-b2dc2d9 elementor-section-full_width elementor-section-content-top blue-bg elementor-section-height-default elementor-section-height-default\" data-id=\"b2dc2d9\" data-element_type=\"section\">\n\t\t\t\t\t\t<div class=\"elementor-container elementor-column-gap-default\">\n\t\t\t\t\t<div class=\"elementor-column elementor-col-50 elementor-inner-column elementor-element elementor-element-648ba7a\" data-id=\"648ba7a\" data-element_type=\"column\" data-settings=\"{&quot;background_background&quot;:&quot;gradient&quot;}\">\n\t\t\t<div class=\"elementor-widget-wrap elementor-element-populated\">\n\t\t\t\t\t\t<div class=\"elementor-element elementor-element-99400dd elementor-widget elementor-widget-theme-post-content\" data-id=\"99400dd\" data-element_type=\"widget\" data-widget_type=\"theme-post-content.default\">\n\t\t\t\t<div class=\"elementor-widget-container\">\n\t\t\t\n<h4 class=\"wp-block-heading\">\u201cEnd\u00adlich der l\u00e4ngst f\u00e4l\u00adli\u00adge Umbau. Ich habe seit Jah\u00adren ein schlech\u00adtes Gewis\u00adsen, mit mei\u00adner H\u00e4n\u00adde Arbeit am Kli\u00adma\u00adwan\u00addel mit\u00adzu\u00adwir\u00adken. Dass wir, die wir hier schuf\u00adten f\u00fcr den Reich\u00adtum Weni\u00adger, dann auch noch st\u00e4n\u00addig den Job\u00adver\u00adlust f\u00fcrch\u00adten muss\u00adten, ist sehr unge\u00adrecht. Mit dem Bau von Stra\u00ad\u00dfen\u00adbah\u00adnen wird mir die Arbeit end\u00adlich wie\u00adder Spa\u00df machen \u2014 und der Job ist sicher.\u201d<\/h4>\n\t\t<\/div>\n\t\t\t\t<\/div>\n\t\t\t\t<div class=\"elementor-element elementor-element-cab9116 elementor-widget elementor-widget-heading\" data-id=\"cab9116\" data-element_type=\"widget\" data-widget_type=\"heading.default\">\n\t\t\t\t<div class=\"elementor-widget-container\">\n\t\t\t<h5 class=\"elementor-heading-title elementor-size-default\">Hans Peter, VW-Arbei\u00ad\u00adter seit 1989 auf einer Betriebs\u00adver\u00adsamm\u00adlung in 2025<\/h5>\t\t<\/div>\n\t\t\t\t<\/div>\n\t\t\t\t\t<\/div>\n\t\t<\/div>\n\t\t\t\t<div class=\"elementor-column elementor-col-50 elementor-inner-column elementor-element elementor-element-9fbb4e0 elementor-hidden-mobile\" data-id=\"9fbb4e0\" data-element_type=\"column\" data-settings=\"{&quot;background_background&quot;:&quot;classic&quot;}\">\n\t\t\t<div class=\"elementor-widget-wrap elementor-element-populated\">\n\t\t\t\t\t<div class=\"elementor-background-overlay\"><\/div>\n\t\t\t\t\t\t<div class=\"elementor-element elementor-element-9fde2ec hover-img e-transform elementor-widget elementor-widget-image\" data-id=\"9fde2ec\" data-element_type=\"widget\" data-settings=\"{&quot;_transform_translateX_effect&quot;:{&quot;unit&quot;:&quot;px&quot;,&quot;size&quot;:36,&quot;sizes&quot;:[]},&quot;_transform_translateY_effect&quot;:{&quot;unit&quot;:&quot;px&quot;,&quot;size&quot;:-86,&quot;sizes&quot;:[]},&quot;_transform_translateX_effect_mobile&quot;:{&quot;unit&quot;:&quot;px&quot;,&quot;size&quot;:0,&quot;sizes&quot;:[]},&quot;_transform_translateY_effect_mobile&quot;:{&quot;unit&quot;:&quot;px&quot;,&quot;size&quot;:0,&quot;sizes&quot;:[]},&quot;_transform_translateX_effect_tablet&quot;:{&quot;unit&quot;:&quot;px&quot;,&quot;size&quot;:&quot;&quot;,&quot;sizes&quot;:[]},&quot;_transform_translateY_effect_tablet&quot;:{&quot;unit&quot;:&quot;px&quot;,&quot;size&quot;:&quot;&quot;,&quot;sizes&quot;:[]}}\" data-widget_type=\"image.default\">\n\t\t\t\t<div class=\"elementor-widget-container\">\n\t\t\t\t\t\t\t\t\t\t\t\t\t<img loading=\"lazy\" decoding=\"async\" width=\"580\" height=\"720\" src=\"https:\/\/volkswagen-umbauen.de\/wp-content\/uploads\/2023\/01\/alter-mann-184735ab-ce94-4bf5-925c-62f05bcdfce1-e1713418087933.jpg\" class=\"attachment-medium_large size-medium_large wp-image-387\" alt srcset=\"https:\/\/volkswagen-umbauen.de\/wp-content\/uploads\/2023\/01\/alter-mann-184735ab-ce94-4bf5-925c-62f05bcdfce1-e1713418087933.jpg 609w, https:\/\/volkswagen-umbauen.de\/wp-content\/uploads\/2023\/01\/alter-mann-184735ab-ce94-4bf5-925c-62f05bcdfce1-e1713418087933-242x300.jpg 242w\" sizes=\"(max-width: 580px) 100vw, 580px\">\t\t\t\t\t\t\t\t\t\t\t\t\t<\/div>\n\t\t\t\t<\/div>\n\t\t\t\t\t<\/div>\n\t\t<\/div>\n\t\t\t\t\t<\/div>\n\t\t<\/section>\n\t\t\t\t\t<\/div>\n\t\t<\/div>\n\t\t\t\t\t<\/div>\n\t\t<\/section>\n\t\t\t\t<\/div>\n\t\t\t\t<div data-elementor-type=\"loop-item\" data-elementor-id=\"516\" class=\"elementor elementor-516 swiper-slide e-loop-item e-loop-item-623 post-623 q2 type-q2 status-publish has-post-thumbnail hentry\" data-elementor-post-type=\"elementor_library\" role=\"group\" aria-roledescription=\"slide\" data-custom-edit-handle=\"1\">\n\t\t\t\t\t<section class=\"elementor-section elementor-top-section elementor-element elementor-element-62b5b4e elementor-section-boxed elementor-section-height-default elementor-section-height-default\" data-id=\"62b5b4e\" data-element_type=\"section\">\n\t\t\t\t\t\t<div class=\"elementor-container elementor-column-gap-default\">\n\t\t\t\t\t<div class=\"elementor-column elementor-col-100 elementor-top-column elementor-element elementor-element-bef4dce\" data-id=\"bef4dce\" data-element_type=\"column\">\n\t\t\t<div class=\"elementor-widget-wrap elementor-element-populated\">\n\t\t\t\t\t\t<section class=\"elementor-section elementor-inner-section elementor-element elementor-element-b2dc2d9 elementor-section-full_width elementor-section-content-top blue-bg elementor-section-height-default elementor-section-height-default\" data-id=\"b2dc2d9\" data-element_type=\"section\">\n\t\t\t\t\t\t<div class=\"elementor-container elementor-column-gap-default\">\n\t\t\t\t\t<div class=\"elementor-column elementor-col-50 elementor-inner-column elementor-element elementor-element-648ba7a\" data-id=\"648ba7a\" data-element_type=\"column\" data-settings=\"{&quot;background_background&quot;:&quot;gradient&quot;}\">\n\t\t\t<div class=\"elementor-widget-wrap elementor-element-populated\">\n\t\t\t\t\t\t<div class=\"elementor-element elementor-element-99400dd elementor-widget elementor-widget-theme-post-content\" data-id=\"99400dd\" data-element_type=\"widget\" data-widget_type=\"theme-post-content.default\">\n\t\t\t\t<div class=\"elementor-widget-container\">\n\t\t\t\n<h4 class=\"wp-block-heading\">\u201cWir wol\u00adlen in Wolfs\u00adburg die Stra\u00ad\u00dfen\u00adbahn. Sie ist effi\u00adzi\u00aden\u00adter, leis\u00adtungs\u00adf\u00e4\u00adhi\u00adger und vor allem noch belieb\u00adter als Bus\u00adse. Lei\u00adder gibt es am Markt kaum Anbie\u00adter. Daher begr\u00fc\u00ad\u00dfen wir die Umstel\u00adlung des VW-Stam\u00adm\u00ad\u00adwerks auf den Bau die\u00adses zen\u00adtra\u00adlen Ver\u00adkehrs\u00admit\u00adtels im \u00d6PNV.\u201d<\/h4>\n\t\t<\/div>\n\t\t\t\t<\/div>\n\t\t\t\t<div class=\"elementor-element elementor-element-cab9116 elementor-widget elementor-widget-heading\" data-id=\"cab9116\" data-element_type=\"widget\" data-widget_type=\"heading.default\">\n\t\t\t\t<div class=\"elementor-widget-container\">\n\t\t\t<h5 class=\"elementor-heading-title elementor-size-default\">Den\u00adnis Weil\u00admann, Ober\u00adb\u00fcr\u00adger\u00admeis\u00adter der Stadt Wolfs\u00adburg | Nach dem drit\u00adten pl\u00f6tz\u00adli\u00adchen Aus eines wei\u00adte\u00adren angeb\u00adli\u00adchen Mei\u00adlen\u00adstein\u00adpro\u00adjekts (VW-Droh\u00ad\u00adnen\u00ad\u00adbau in Wolfs\u00adburg) am 27.09.2027<\/h5>\t\t<\/div>\n\t\t\t\t<\/div>\n\t\t\t\t\t<\/div>\n\t\t<\/div>\n\t\t\t\t<div class=\"elementor-column elementor-col-50 elementor-inner-column elementor-element elementor-element-9fbb4e0 elementor-hidden-mobile\" data-id=\"9fbb4e0\" data-element_type=\"column\" data-settings=\"{&quot;background_background&quot;:&quot;classic&quot;}\">\n\t\t\t<div class=\"elementor-widget-wrap elementor-element-populated\">\n\t\t\t\t\t<div class=\"elementor-background-overlay\"><\/div>\n\t\t\t\t\t\t<div class=\"elementor-element elementor-element-9fde2ec hover-img e-transform elementor-widget elementor-widget-image\" data-id=\"9fde2ec\" data-element_type=\"widget\" data-settings=\"{&quot;_transform_translateX_effect&quot;:{&quot;unit&quot;:&quot;px&quot;,&quot;size&quot;:36,&quot;sizes&quot;:[]},&quot;_transform_translateY_effect&quot;:{&quot;unit&quot;:&quot;px&quot;,&quot;size&quot;:-86,&quot;sizes&quot;:[]},&quot;_transform_translateX_effect_mobile&quot;:{&quot;unit&quot;:&quot;px&quot;,&quot;size&quot;:0,&quot;sizes&quot;:[]},&quot;_transform_translateY_effect_mobile&quot;:{&quot;unit&quot;:&quot;px&quot;,&quot;size&quot;:0,&quot;sizes&quot;:[]},&quot;_transform_translateX_effect_tablet&quot;:{&quot;unit&quot;:&quot;px&quot;,&quot;size&quot;:&quot;&quot;,&quot;sizes&quot;:[]},&quot;_transform_translateY_effect_tablet&quot;:{&quot;unit&quot;:&quot;px&quot;,&quot;size&quot;:&quot;&quot;,&quot;sizes&quot;:[]}}\" data-widget_type=\"image.default\">\n\t\t\t\t<div class=\"elementor-widget-container\">\n\t\t\t\t\t\t\t\t\t\t\t\t\t<img loading=\"lazy\" decoding=\"async\" width=\"580\" height=\"387\" src=\"https:\/\/volkswagen-umbauen.de\/wp-content\/uploads\/2024\/04\/weilmann_web-768x512.jpg\" class=\"attachment-medium_large size-medium_large wp-image-624\" alt srcset=\"https:\/\/volkswagen-umbauen.de\/wp-content\/uploads\/2024\/04\/weilmann_web-768x512.jpg 768w, https:\/\/volkswagen-umbauen.de\/wp-content\/uploads\/2024\/04\/weilmann_web-1024x682.jpg 1024w\" sizes=\"(max-width: 580px) 100vw, 580px\">\t\t\t\t\t\t\t\t\t\t\t\t\t<\/div>\n\t\t\t\t<\/div>\n\t\t\t\t\t<\/div>\n\t\t<\/div>\n\t\t\t\t\t<\/div>\n\t\t<\/section>\n\t\t\t\t\t<\/div>\n\t\t<\/div>\n\t\t\t\t\t<\/div>\n\t\t<\/section>\n\t\t\t\t<\/div>\n\t\t\t\t<div data-elementor-type=\"loop-item\" data-elementor-id=\"516\" class=\"elementor elementor-516 swiper-slide e-loop-item e-loop-item-613 post-613 q2 type-q2 status-publish has-post-thumbnail hentry\" data-elementor-post-type=\"elementor_library\" role=\"group\" aria-roledescription=\"slide\" data-custom-edit-handle=\"1\">\n\t\t\t\t\t<section class=\"elementor-section elementor-top-section elementor-element elementor-element-62b5b4e elementor-section-boxed elementor-section-height-default elementor-section-height-default\" data-id=\"62b5b4e\" data-element_type=\"section\">\n\t\t\t\t\t\t<div class=\"elementor-container elementor-column-gap-default\">\n\t\t\t\t\t<div class=\"elementor-column elementor-col-100 elementor-top-column elementor-element elementor-element-bef4dce\" data-id=\"bef4dce\" data-element_type=\"column\">\n\t\t\t<div class=\"elementor-widget-wrap elementor-element-populated\">\n\t\t\t\t\t\t<section class=\"elementor-section elementor-inner-section elementor-element elementor-element-b2dc2d9 elementor-section-full_width elementor-section-content-top blue-bg elementor-section-height-default elementor-section-height-default\" data-id=\"b2dc2d9\" data-element_type=\"section\">\n\t\t\t\t\t\t<div class=\"elementor-container elementor-column-gap-default\">\n\t\t\t\t\t<div class=\"elementor-column elementor-col-50 elementor-inner-column elementor-element elementor-element-648ba7a\" data-id=\"648ba7a\" data-element_type=\"column\" data-settings=\"{&quot;background_background&quot;:&quot;gradient&quot;}\">\n\t\t\t<div class=\"elementor-widget-wrap elementor-element-populated\">\n\t\t\t\t\t\t<div class=\"elementor-element elementor-element-99400dd elementor-widget elementor-widget-theme-post-content\" data-id=\"99400dd\" data-element_type=\"widget\" data-widget_type=\"theme-post-content.default\">\n\t\t\t\t<div class=\"elementor-widget-container\">\n\t\t\t\n<h4 class=\"wp-block-heading\">\u201cAls Enkel des Kriegs\u00adver\u00adbre\u00adchers Fer\u00addi\u00adnand Por\u00adsche sind mir Aus\u00adbeu\u00adtungs\u00adstruk\u00adtu\u00adren durch\u00adaus bekannt. Des\u00adwe\u00adgen soll\u00adte gera\u00adde bei VW damit end\u00adlich Schluss sein, auch mit dem Leben auf Kos\u00adten Ande\u00adrer f\u00fcr eini\u00adge Weni\u00adge wie mich. VW steht ab sofort f\u00fcr Ver\u00adge\u00adsell\u00adschaf\u00adtung wagen.\u201d<\/h4>\n\t\t<\/div>\n\t\t\t\t<\/div>\n\t\t\t\t<div class=\"elementor-element elementor-element-cab9116 elementor-widget elementor-widget-heading\" data-id=\"cab9116\" data-element_type=\"widget\" data-widget_type=\"heading.default\">\n\t\t\t\t<div class=\"elementor-widget-container\">\n\t\t\t<h5 class=\"elementor-heading-title elementor-size-default\">Wolf\u00adgang Por\u00adsche, Haupt\u00adei\u00adgen\u00adt\u00fc\u00admer der VW AG | Zum 90. Jubi\u00adl\u00e4\u00adum der Grund\u00adstein\u00adle\u00adgung des VW Wer\u00adkes am 26. Mai 2028<\/h5>\t\t<\/div>\n\t\t\t\t<\/div>\n\t\t\t\t\t<\/div>\n\t\t<\/div>\n\t\t\t\t<div class=\"elementor-column elementor-col-50 elementor-inner-column elementor-element elementor-element-9fbb4e0 elementor-hidden-mobile\" data-id=\"9fbb4e0\" data-element_type=\"column\" data-settings=\"{&quot;background_background&quot;:&quot;classic&quot;}\">\n\t\t\t<div class=\"elementor-widget-wrap elementor-element-populated\">\n\t\t\t\t\t<div class=\"elementor-background-overlay\"><\/div>\n\t\t\t\t\t\t<div class=\"elementor-element elementor-element-9fde2ec hover-img e-transform elementor-widget elementor-widget-image\" data-id=\"9fde2ec\" data-element_type=\"widget\" data-settings=\"{&quot;_transform_translateX_effect&quot;:{&quot;unit&quot;:&quot;px&quot;,&quot;size&quot;:36,&quot;sizes&quot;:[]},&quot;_transform_translateY_effect&quot;:{&quot;unit&quot;:&quot;px&quot;,&quot;size&quot;:-86,&quot;sizes&quot;:[]},&quot;_transform_translateX_effect_mobile&quot;:{&quot;unit&quot;:&quot;px&quot;,&quot;size&quot;:0,&quot;sizes&quot;:[]},&quot;_transform_translateY_effect_mobile&quot;:{&quot;unit&quot;:&quot;px&quot;,&quot;size&quot;:0,&quot;sizes&quot;:[]},&quot;_transform_translateX_effect_tablet&quot;:{&quot;unit&quot;:&quot;px&quot;,&quot;size&quot;:&quot;&quot;,&quot;sizes&quot;:[]},&quot;_transform_translateY_effect_tablet&quot;:{&quot;unit&quot;:&quot;px&quot;,&quot;size&quot;:&quot;&quot;,&quot;sizes&quot;:[]}}\" data-widget_type=\"image.default\">\n\t\t\t\t<div class=\"elementor-widget-container\">\n\t\t\t\t\t\t\t\t\t\t\t\t\t<img loading=\"lazy\" decoding=\"async\" width=\"580\" height=\"718\" src=\"https:\/\/volkswagen-umbauen.de\/wp-content\/uploads\/2024\/04\/b-Wolfgang-Porsche-e1712604891990-768x951.jpg\" class=\"attachment-medium_large size-medium_large wp-image-614\" alt srcset=\"https:\/\/volkswagen-umbauen.de\/wp-content\/uploads\/2024\/04\/b-Wolfgang-Porsche-e1712604891990-768x951.jpg 768w, https:\/\/volkswagen-umbauen.de\/wp-content\/uploads\/2024\/04\/b-Wolfgang-Porsche-e1712604891990-242x300.jpg 242w, https:\/\/volkswagen-umbauen.de\/wp-content\/uploads\/2024\/04\/b-Wolfgang-Porsche-e1712604891990-827x1024.jpg 827w, https:\/\/volkswagen-umbauen.de\/wp-content\/uploads\/2024\/04\/b-Wolfgang-Porsche-e1712604891990.jpg 877w\" sizes=\"(max-width: 580px) 100vw, 580px\">\t\t\t\t\t\t\t\t\t\t\t\t\t<\/div>\n\t\t\t\t<\/div>\n\t\t\t\t\t<\/div>\n\t\t<\/div>\n\t\t\t\t\t<\/div>\n\t\t<\/section>\n\t\t\t\t\t<\/div>\n\t\t<\/div>\n\t\t\t\t\t<\/div>\n\t\t<\/section>\n\t\t\t\t<\/div>\n\t\t\t\t<div data-elementor-type=\"loop-item\" data-elementor-id=\"516\" class=\"elementor elementor-516 swiper-slide e-loop-item e-loop-item-612 post-612 q2 type-q2 status-publish has-post-thumbnail hentry\" data-elementor-post-type=\"elementor_library\" role=\"group\" aria-roledescription=\"slide\" data-custom-edit-handle=\"1\">\n\t\t\t\t\t<section class=\"elementor-section elementor-top-section elementor-element elementor-element-62b5b4e elementor-section-boxed elementor-section-height-default elementor-section-height-default\" data-id=\"62b5b4e\" data-element_type=\"section\">\n\t\t\t\t\t\t<div class=\"elementor-container elementor-column-gap-default\">\n\t\t\t\t\t<div class=\"elementor-column elementor-col-100 elementor-top-column elementor-element elementor-element-bef4dce\" data-id=\"bef4dce\" data-element_type=\"column\">\n\t\t\t<div class=\"elementor-widget-wrap elementor-element-populated\">\n\t\t\t\t\t\t<section class=\"elementor-section elementor-inner-section elementor-element elementor-element-b2dc2d9 elementor-section-full_width elementor-section-content-top blue-bg elementor-section-height-default elementor-section-height-default\" data-id=\"b2dc2d9\" data-element_type=\"section\">\n\t\t\t\t\t\t<div class=\"elementor-container elementor-column-gap-default\">\n\t\t\t\t\t<div class=\"elementor-column elementor-col-50 elementor-inner-column elementor-element elementor-element-648ba7a\" data-id=\"648ba7a\" data-element_type=\"column\" data-settings=\"{&quot;background_background&quot;:&quot;gradient&quot;}\">\n\t\t\t<div class=\"elementor-widget-wrap elementor-element-populated\">\n\t\t\t\t\t\t<div class=\"elementor-element elementor-element-99400dd elementor-widget elementor-widget-theme-post-content\" data-id=\"99400dd\" data-element_type=\"widget\" data-widget_type=\"theme-post-content.default\">\n\t\t\t\t<div class=\"elementor-widget-container\">\n\t\t\t\n<h4 class=\"wp-block-heading\">\u201cPro\u00adtest ist wich\u00adtig. Anders geht es nicht. Schlie\u00df\u00adlich hei\u00dft der Kon\u00adzern VW, steht also f\u00fcr Ver\u00adkehrs\u00adWen\u00adde. Und nicht f\u00fcr AW, also f\u00fcr eine Antriebs\u00adwen\u00adde, die wir\u00adkungs\u00adlos bleibt bez\u00fcg\u00adlich Ver\u00adkehrs\u00adto\u00adten, Fl\u00e4\u00adchen\u00adver\u00adbrauch und Fein\u00adstaub. Es gibt viel zu tun. Packen wir es an. Damit Nie\u00adder\u00adsach\u00adsen zum Ver\u00adkehrs\u00adwen\u00adde\u00adland wird.\u201d<\/h4>\n\t\t<\/div>\n\t\t\t\t<\/div>\n\t\t\t\t<div class=\"elementor-element elementor-element-cab9116 elementor-widget elementor-widget-heading\" data-id=\"cab9116\" data-element_type=\"widget\" data-widget_type=\"heading.default\">\n\t\t\t\t<div class=\"elementor-widget-container\">\n\t\t\t<h5 class=\"elementor-heading-title elementor-size-default\">Julia Wil\u00adlie Ham\u00adburg, Vize-Minis\u00ad\u00adter\u00adpr\u00e4\u00ad\u00adsi\u00ad\u00adden\u00ad\u00adtin Nie\u00adder\u00adsach\u00adsen und Teil des VW Auf\u00adsichts\u00adrats | Auf der VW-Auf\u00ad\u00ad\u00adsichts\u00adrats\u00ad\u00adsi\u00adt\u00ad\u00adzung am 23.09.2025<\/h5>\t\t<\/div>\n\t\t\t\t<\/div>\n\t\t\t\t\t<\/div>\n\t\t<\/div>\n\t\t\t\t<div class=\"elementor-column elementor-col-50 elementor-inner-column elementor-element elementor-element-9fbb4e0 elementor-hidden-mobile\" data-id=\"9fbb4e0\" data-element_type=\"column\" data-settings=\"{&quot;background_background&quot;:&quot;classic&quot;}\">\n\t\t\t<div class=\"elementor-widget-wrap elementor-element-populated\">\n\t\t\t\t\t<div class=\"elementor-background-overlay\"><\/div>\n\t\t\t\t\t\t<div class=\"elementor-element elementor-element-9fde2ec hover-img e-transform elementor-widget elementor-widget-image\" data-id=\"9fde2ec\" data-element_type=\"widget\" data-settings=\"{&quot;_transform_translateX_effect&quot;:{&quot;unit&quot;:&quot;px&quot;,&quot;size&quot;:36,&quot;sizes&quot;:[]},&quot;_transform_translateY_effect&quot;:{&quot;unit&quot;:&quot;px&quot;,&quot;size&quot;:-86,&quot;sizes&quot;:[]},&quot;_transform_translateX_effect_mobile&quot;:{&quot;unit&quot;:&quot;px&quot;,&quot;size&quot;:0,&quot;sizes&quot;:[]},&quot;_transform_translateY_effect_mobile&quot;:{&quot;unit&quot;:&quot;px&quot;,&quot;size&quot;:0,&quot;sizes&quot;:[]},&quot;_transform_translateX_effect_tablet&quot;:{&quot;unit&quot;:&quot;px&quot;,&quot;size&quot;:&quot;&quot;,&quot;sizes&quot;:[]},&quot;_transform_translateY_effect_tablet&quot;:{&quot;unit&quot;:&quot;px&quot;,&quot;size&quot;:&quot;&quot;,&quot;sizes&quot;:[]}}\" data-widget_type=\"image.default\">\n\t\t\t\t<div class=\"elementor-widget-container\">\n\t\t\t\t\t\t\t\t\t\t\t\t\t<img loading=\"lazy\" decoding=\"async\" width=\"365\" height=\"453\" src=\"https:\/\/volkswagen-umbauen.de\/wp-content\/uploads\/2024\/04\/Foto_Julia_Willie_Hamburg_1MB-e1712605436776.jpg\" class=\"attachment-medium_large size-medium_large wp-image-615\" alt srcset=\"https:\/\/volkswagen-umbauen.de\/wp-content\/uploads\/2024\/04\/Foto_Julia_Willie_Hamburg_1MB-e1712605436776.jpg 365w, https:\/\/volkswagen-umbauen.de\/wp-content\/uploads\/2024\/04\/Foto_Julia_Willie_Hamburg_1MB-e1712605436776-242x300.jpg 242w\" sizes=\"(max-width: 365px) 100vw, 365px\">\t\t\t\t\t\t\t\t\t\t\t\t\t<\/div>\n\t\t\t\t<\/div>\n\t\t\t\t\t<\/div>\n\t\t<\/div>\n\t\t\t\t\t<\/div>\n\t\t<\/section>\n\t\t\t\t\t<\/div>\n\t\t<\/div>\n\t\t\t\t\t<\/div>\n\t\t<\/section>\n\t\t\t\t<\/div>\n\t\t\t\t<div data-elementor-type=\"loop-item\" data-elementor-id=\"516\" class=\"elementor elementor-516 swiper-slide e-loop-item e-loop-item-603 post-603 q2 type-q2 status-publish has-post-thumbnail hentry\" data-elementor-post-type=\"elementor_library\" role=\"group\" aria-roledescription=\"slide\" data-custom-edit-handle=\"1\">\n\t\t\t\t\t<section class=\"elementor-section elementor-top-section elementor-element elementor-element-62b5b4e elementor-section-boxed elementor-section-height-default elementor-section-height-default\" data-id=\"62b5b4e\" data-element_type=\"section\">\n\t\t\t\t\t\t<div class=\"elementor-container elementor-column-gap-default\">\n\t\t\t\t\t<div class=\"elementor-column elementor-col-100 elementor-top-column elementor-element elementor-element-bef4dce\" data-id=\"bef4dce\" data-element_type=\"column\">\n\t\t\t<div class=\"elementor-widget-wrap elementor-element-populated\">\n\t\t\t\t\t\t<section class=\"elementor-section elementor-inner-section elementor-element elementor-element-b2dc2d9 elementor-section-full_width elementor-section-content-top blue-bg elementor-section-height-default elementor-section-height-default\" data-id=\"b2dc2d9\" data-element_type=\"section\">\n\t\t\t\t\t\t<div class=\"elementor-container elementor-column-gap-default\">\n\t\t\t\t\t<div class=\"elementor-column elementor-col-50 elementor-inner-column elementor-element elementor-element-648ba7a\" data-id=\"648ba7a\" data-element_type=\"column\" data-settings=\"{&quot;background_background&quot;:&quot;gradient&quot;}\">\n\t\t\t<div class=\"elementor-widget-wrap elementor-element-populated\">\n\t\t\t\t\t\t<div class=\"elementor-element elementor-element-99400dd elementor-widget elementor-widget-theme-post-content\" data-id=\"99400dd\" data-element_type=\"widget\" data-widget_type=\"theme-post-content.default\">\n\t\t\t\t<div class=\"elementor-widget-container\">\n\t\t\t\n<h4 class=\"wp-block-heading\">\u201cWir alle wis\u00adsen: Wenn VW hus\u00adtet, hat Nie\u00adder\u00adsach\u00adsen Grip\u00adpe. Des\u00adwe\u00adgen gilt: Wir brau\u00adchen eine star\u00adke und zukunfts\u00adf\u00e4\u00adhi\u00adge Pro\u00adduk\u00adti\u00adon. Mit Bus\u00adsen, Bah\u00adnen und Las\u00adten\u00adr\u00e4\u00addern sind wir gut auf\u00adge\u00adstellt. F\u00fcr die\u00adses Ziel tra\u00adgen wir als Lan\u00addes\u00adre\u00adgie\u00adrung und Veto-Inha\u00ad\u00adber im Auf\u00adsichts\u00adrat eine beson\u00adde\u00adre Ver\u00adant\u00adwor\u00adtung. Die Zeit des Zugu\u00adckens ist vor\u00adbei.\u201d<\/h4>\n\t\t<\/div>\n\t\t\t\t<\/div>\n\t\t\t\t<div class=\"elementor-element elementor-element-cab9116 elementor-widget elementor-widget-heading\" data-id=\"cab9116\" data-element_type=\"widget\" data-widget_type=\"heading.default\">\n\t\t\t\t<div class=\"elementor-widget-container\">\n\t\t\t<h5 class=\"elementor-heading-title elementor-size-default\">Ste\u00adphan Weil, Minis\u00adter\u00adpr\u00e4\u00adsi\u00addent Nie\u00adder\u00adsach\u00adsen | Auf einer Ver\u00adan\u00adstal\u00adtung im Rah\u00admen des \u201cTags der Gesund\u00adheit\u201d am 7. April 2026  mit dem Titel \u201cDas Auto macht uns krank\u201d<\/h5>\t\t<\/div>\n\t\t\t\t<\/div>\n\t\t\t\t\t<\/div>\n\t\t<\/div>\n\t\t\t\t<div class=\"elementor-column elementor-col-50 elementor-inner-column elementor-element elementor-element-9fbb4e0 elementor-hidden-mobile\" data-id=\"9fbb4e0\" data-element_type=\"column\" data-settings=\"{&quot;background_background&quot;:&quot;classic&quot;}\">\n\t\t\t<div class=\"elementor-widget-wrap elementor-element-populated\">\n\t\t\t\t\t<div class=\"elementor-background-overlay\"><\/div>\n\t\t\t\t\t\t<div class=\"elementor-element elementor-element-9fde2ec hover-img e-transform elementor-widget elementor-widget-image\" data-id=\"9fde2ec\" data-element_type=\"widget\" data-settings=\"{&quot;_transform_translateX_effect&quot;:{&quot;unit&quot;:&quot;px&quot;,&quot;size&quot;:36,&quot;sizes&quot;:[]},&quot;_transform_translateY_effect&quot;:{&quot;unit&quot;:&quot;px&quot;,&quot;size&quot;:-86,&quot;sizes&quot;:[]},&quot;_transform_translateX_effect_mobile&quot;:{&quot;unit&quot;:&quot;px&quot;,&quot;size&quot;:0,&quot;sizes&quot;:[]},&quot;_transform_translateY_effect_mobile&quot;:{&quot;unit&quot;:&quot;px&quot;,&quot;size&quot;:0,&quot;sizes&quot;:[]},&quot;_transform_translateX_effect_tablet&quot;:{&quot;unit&quot;:&quot;px&quot;,&quot;size&quot;:&quot;&quot;,&quot;sizes&quot;:[]},&quot;_transform_translateY_effect_tablet&quot;:{&quot;unit&quot;:&quot;px&quot;,&quot;size&quot;:&quot;&quot;,&quot;sizes&quot;:[]}}\" data-widget_type=\"image.default\">\n\t\t\t\t<div class=\"elementor-widget-container\">\n\t\t\t\t\t\t\t\t\t\t\t\t\t<img loading=\"lazy\" decoding=\"async\" width=\"375\" height=\"465\" src=\"https:\/\/volkswagen-umbauen.de\/wp-content\/uploads\/2024\/04\/Portrait_Stephan_Weil_Dezember_2020-e1712603582813.jpg\" class=\"attachment-medium_large size-medium_large wp-image-606\" alt srcset=\"https:\/\/volkswagen-umbauen.de\/wp-content\/uploads\/2024\/04\/Portrait_Stephan_Weil_Dezember_2020-e1712603582813.jpg 375w, https:\/\/volkswagen-umbauen.de\/wp-content\/uploads\/2024\/04\/Portrait_Stephan_Weil_Dezember_2020-e1712603582813-242x300.jpg 242w\" sizes=\"(max-width: 375px) 100vw, 375px\">\t\t\t\t\t\t\t\t\t\t\t\t\t<\/div>\n\t\t\t\t<\/div>\n\t\t\t\t\t<\/div>\n\t\t<\/div>\n\t\t\t\t\t<\/div>\n\t\t<\/section>\n\t\t\t\t\t<\/div>\n\t\t<\/div>\n\t\t\t\t\t<\/div>\n\t\t<\/section>\n\t\t\t\t<\/div>\n\t\t\t\t<div data-elementor-type=\"loop-item\" data-elementor-id=\"516\" class=\"elementor elementor-516 swiper-slide e-loop-item e-loop-item-540 post-540 q2 type-q2 status-publish has-post-thumbnail hentry\" data-elementor-post-type=\"elementor_library\" role=\"group\" aria-roledescription=\"slide\" data-custom-edit-handle=\"1\">\n\t\t\t\t\t<section class=\"elementor-section elementor-top-section elementor-element elementor-element-62b5b4e elementor-section-boxed elementor-section-height-default elementor-section-height-default\" data-id=\"62b5b4e\" data-element_type=\"section\">\n\t\t\t\t\t\t<div class=\"elementor-container elementor-column-gap-default\">\n\t\t\t\t\t<div class=\"elementor-column elementor-col-100 elementor-top-column elementor-element elementor-element-bef4dce\" data-id=\"bef4dce\" data-element_type=\"column\">\n\t\t\t<div class=\"elementor-widget-wrap elementor-element-populated\">\n\t\t\t\t\t\t<section class=\"elementor-section elementor-inner-section elementor-element elementor-element-b2dc2d9 elementor-section-full_width elementor-section-content-top blue-bg elementor-section-height-default elementor-section-height-default\" data-id=\"b2dc2d9\" data-element_type=\"section\">\n\t\t\t\t\t\t<div class=\"elementor-container elementor-column-gap-default\">\n\t\t\t\t\t<div class=\"elementor-column elementor-col-50 elementor-inner-column elementor-element elementor-element-648ba7a\" data-id=\"648ba7a\" data-element_type=\"column\" data-settings=\"{&quot;background_background&quot;:&quot;gradient&quot;}\">\n\t\t\t<div class=\"elementor-widget-wrap elementor-element-populated\">\n\t\t\t\t\t\t<div class=\"elementor-element elementor-element-99400dd elementor-widget elementor-widget-theme-post-content\" data-id=\"99400dd\" data-element_type=\"widget\" data-widget_type=\"theme-post-content.default\">\n\t\t\t\t<div class=\"elementor-widget-container\">\n\t\t\t\n<h4 class=\"wp-block-heading\">\u201cKei\u00adne Voll\u00adver\u00adsamm\u00adlung mehr ohne Pro\u00adtest! Und wenn schon Pro\u00adtest, dann auch mit Cra\u00advall! Daf\u00fcr ste\u00adhe ich mit mei\u00adnem Namen. Denn es ist doch ganz klar: Wie Unter\u00adneh\u00admen auf der gan\u00adzen Welt sind die\u00adse Unter\u00adneh\u00admen, egal was sie sagen, mehr als bereit, das Gesetz zu bre\u00adchen, wenn es dar\u00adum geht,&nbsp;ihr Gesch\u00e4fts\u00ader\u00adgeb\u00adnis zu sch\u00fct\u00adzen. Sie wer\u00adden l\u00fcgen, betr\u00fc\u00adgen und steh\u00adlen. Ein\u00adsch\u00fcch\u00adtern, \u00fcber\u00adwa\u00adchen und zwin\u00adgen. Und dann wer\u00adden sie dir mit der ande\u00adren Sei\u00adte ihres Mun\u00addes sagen, dass wir zur Fami\u00adlie geh\u00f6\u00adren. \u201d<\/h4>\n\t\t<\/div>\n\t\t\t\t<\/div>\n\t\t\t\t<div class=\"elementor-element elementor-element-cab9116 elementor-widget elementor-widget-heading\" data-id=\"cab9116\" data-element_type=\"widget\" data-widget_type=\"heading.default\">\n\t\t\t\t<div class=\"elementor-widget-container\">\n\t\t\t<h5 class=\"elementor-heading-title elementor-size-default\">Danie\u00adla Cra\u00advallo, VW Ges\u00ad\u00adamts- und Welt\u00adbe\u00adtriebs\u00adrats\u00advor\u00adsit\u00adzen\u00adde | W\u00e4h\u00adrend eines Tref\u00adfens mit dem UAW Pr\u00e4\u00adsi\u00adden\u00adten Shawn Fain auf dem Gel\u00e4n\u00adde der besetz\u00adten VW-Fabrik in Chat\u00adta\u00adnoo\u00adga am 11.6.2025<\/h5>\t\t<\/div>\n\t\t\t\t<\/div>\n\t\t\t\t\t<\/div>\n\t\t<\/div>\n\t\t\t\t<div class=\"elementor-column elementor-col-50 elementor-inner-column elementor-element elementor-element-9fbb4e0 elementor-hidden-mobile\" data-id=\"9fbb4e0\" data-element_type=\"column\" data-settings=\"{&quot;background_background&quot;:&quot;classic&quot;}\">\n\t\t\t<div class=\"elementor-widget-wrap elementor-element-populated\">\n\t\t\t\t\t<div class=\"elementor-background-overlay\"><\/div>\n\t\t\t\t\t\t<div class=\"elementor-element elementor-element-9fde2ec hover-img e-transform elementor-widget elementor-widget-image\" data-id=\"9fde2ec\" data-element_type=\"widget\" data-settings=\"{&quot;_transform_translateX_effect&quot;:{&quot;unit&quot;:&quot;px&quot;,&quot;size&quot;:36,&quot;sizes&quot;:[]},&quot;_transform_translateY_effect&quot;:{&quot;unit&quot;:&quot;px&quot;,&quot;size&quot;:-86,&quot;sizes&quot;:[]},&quot;_transform_translateX_effect_mobile&quot;:{&quot;unit&quot;:&quot;px&quot;,&quot;size&quot;:0,&quot;sizes&quot;:[]},&quot;_transform_translateY_effect_mobile&quot;:{&quot;unit&quot;:&quot;px&quot;,&quot;size&quot;:0,&quot;sizes&quot;:[]},&quot;_transform_translateX_effect_tablet&quot;:{&quot;unit&quot;:&quot;px&quot;,&quot;size&quot;:&quot;&quot;,&quot;sizes&quot;:[]},&quot;_transform_translateY_effect_tablet&quot;:{&quot;unit&quot;:&quot;px&quot;,&quot;size&quot;:&quot;&quot;,&quot;sizes&quot;:[]}}\" data-widget_type=\"image.default\">\n\t\t\t\t<div class=\"elementor-widget-container\">\n\t\t\t\t\t\t\t\t\t\t\t\t\t<img loading=\"lazy\" decoding=\"async\" width=\"580\" height=\"720\" src=\"https:\/\/volkswagen-umbauen.de\/wp-content\/uploads\/2024\/04\/cravallo-e1712595325268-768x953.jpg\" class=\"attachment-medium_large size-medium_large wp-image-541\" alt srcset=\"https:\/\/volkswagen-umbauen.de\/wp-content\/uploads\/2024\/04\/cravallo-e1712595325268-768x953.jpg 768w, https:\/\/volkswagen-umbauen.de\/wp-content\/uploads\/2024\/04\/cravallo-e1712595325268-242x300.jpg 242w, https:\/\/volkswagen-umbauen.de\/wp-content\/uploads\/2024\/04\/cravallo-e1712595325268-825x1024.jpg 825w, https:\/\/volkswagen-umbauen.de\/wp-content\/uploads\/2024\/04\/cravallo-e1712595325268.jpg 898w\" sizes=\"(max-width: 580px) 100vw, 580px\">\t\t\t\t\t\t\t\t\t\t\t\t\t<\/div>\n\t\t\t\t<\/div>\n\t\t\t\t\t<\/div>\n\t\t<\/div>\n\t\t\t\t\t<\/div>\n\t\t<\/section>\n\t\t\t\t\t<\/div>\n\t\t<\/div>\n\t\t\t\t\t<\/div>\n\t\t<\/section>\n\t\t\t\t<\/div>\n\t\t\t\t<div data-elementor-type=\"loop-item\" data-elementor-id=\"516\" class=\"elementor elementor-516 swiper-slide e-loop-item e-loop-item-524 post-524 q2 type-q2 status-publish has-post-thumbnail hentry\" data-elementor-post-type=\"elementor_library\" role=\"group\" aria-roledescription=\"slide\" data-custom-edit-handle=\"1\">\n\t\t\t\t\t<section class=\"elementor-section elementor-top-section elementor-element elementor-element-62b5b4e elementor-section-boxed elementor-section-height-default elementor-section-height-default\" data-id=\"62b5b4e\" data-element_type=\"section\">\n\t\t\t\t\t\t<div class=\"elementor-container elementor-column-gap-default\">\n\t\t\t\t\t<div class=\"elementor-column elementor-col-100 elementor-top-column elementor-element elementor-element-bef4dce\" data-id=\"bef4dce\" data-element_type=\"column\">\n\t\t\t<div class=\"elementor-widget-wrap elementor-element-populated\">\n\t\t\t\t\t\t<section class=\"elementor-section elementor-inner-section elementor-element elementor-element-b2dc2d9 elementor-section-full_width elementor-section-content-top blue-bg elementor-section-height-default elementor-section-height-default\" data-id=\"b2dc2d9\" data-element_type=\"section\">\n\t\t\t\t\t\t<div class=\"elementor-container elementor-column-gap-default\">\n\t\t\t\t\t<div class=\"elementor-column elementor-col-50 elementor-inner-column elementor-element elementor-element-648ba7a\" data-id=\"648ba7a\" data-element_type=\"column\" data-settings=\"{&quot;background_background&quot;:&quot;gradient&quot;}\">\n\t\t\t<div class=\"elementor-widget-wrap elementor-element-populated\">\n\t\t\t\t\t\t<div class=\"elementor-element elementor-element-99400dd elementor-widget elementor-widget-theme-post-content\" data-id=\"99400dd\" data-element_type=\"widget\" data-widget_type=\"theme-post-content.default\">\n\t\t\t\t<div class=\"elementor-widget-container\">\n\t\t\t\n<h4 class=\"wp-block-heading\">\u201cF\u00fcr uns ist klar, dass E\u2011Mobilit\u00e4t Zukunft der VW-Grup\u00ad\u00adpe ist. Dabei den\u00adken wir wie immer gro\u00df, also: Stra\u00ad\u00dfen\u00adbahn statt Auto\u00adwahn. Jede Initia\u00adti\u00adve und Akti\u00adon, die das bef\u00f6r\u00addert, hilft uns.\u201d<\/h4>\n\t\t<\/div>\n\t\t\t\t<\/div>\n\t\t\t\t<div class=\"elementor-element elementor-element-cab9116 elementor-widget elementor-widget-heading\" data-id=\"cab9116\" data-element_type=\"widget\" data-widget_type=\"heading.default\">\n\t\t\t\t<div class=\"elementor-widget-container\">\n\t\t\t<h5 class=\"elementor-heading-title elementor-size-default\">Oli\u00adver Blu\u00adme, CEO Volks\u00adwa\u00adgen AG | Er\u00f6ff\u00adnungs\u00adre\u00adde der VW-Haup\u00adt\u00ad\u00adver\u00ad\u00ad\u00adsam\u00adm\u00ad\u00adlung am 28.5.2025<\/h5>\t\t<\/div>\n\t\t\t\t<\/div>\n\t\t\t\t\t<\/div>\n\t\t<\/div>\n\t\t\t\t<div class=\"elementor-column elementor-col-50 elementor-inner-column elementor-element elementor-element-9fbb4e0 elementor-hidden-mobile\" data-id=\"9fbb4e0\" data-element_type=\"column\" data-settings=\"{&quot;background_background&quot;:&quot;classic&quot;}\">\n\t\t\t<div class=\"elementor-widget-wrap elementor-element-populated\">\n\t\t\t\t\t<div class=\"elementor-background-overlay\"><\/div>\n\t\t\t\t\t\t<div class=\"elementor-element elementor-element-9fde2ec hover-img e-transform elementor-widget elementor-widget-image\" data-id=\"9fde2ec\" data-element_type=\"widget\" data-settings=\"{&quot;_transform_translateX_effect&quot;:{&quot;unit&quot;:&quot;px&quot;,&quot;size&quot;:36,&quot;sizes&quot;:[]},&quot;_transform_translateY_effect&quot;:{&quot;unit&quot;:&quot;px&quot;,&quot;size&quot;:-86,&quot;sizes&quot;:[]},&quot;_transform_translateX_effect_mobile&quot;:{&quot;unit&quot;:&quot;px&quot;,&quot;size&quot;:0,&quot;sizes&quot;:[]},&quot;_transform_translateY_effect_mobile&quot;:{&quot;unit&quot;:&quot;px&quot;,&quot;size&quot;:0,&quot;sizes&quot;:[]},&quot;_transform_translateX_effect_tablet&quot;:{&quot;unit&quot;:&quot;px&quot;,&quot;size&quot;:&quot;&quot;,&quot;sizes&quot;:[]},&quot;_transform_translateY_effect_tablet&quot;:{&quot;unit&quot;:&quot;px&quot;,&quot;size&quot;:&quot;&quot;,&quot;sizes&quot;:[]}}\" data-widget_type=\"image.default\">\n\t\t\t\t<div class=\"elementor-widget-container\">\n\t\t\t\t\t\t\t\t\t\t\t\t\t<img loading=\"lazy\" decoding=\"async\" width=\"329\" height=\"408\" src=\"https:\/\/volkswagen-umbauen.de\/wp-content\/uploads\/2023\/02\/oliver-blume-1-e1676815522749.jpg\" class=\"attachment-medium_large size-medium_large wp-image-415\" alt srcset=\"https:\/\/volkswagen-umbauen.de\/wp-content\/uploads\/2023\/02\/oliver-blume-1-e1676815522749.jpg 329w, https:\/\/volkswagen-umbauen.de\/wp-content\/uploads\/2023\/02\/oliver-blume-1-e1676815522749-242x300.jpg 242w\" sizes=\"(max-width: 329px) 100vw, 329px\">\t\t\t\t\t\t\t\t\t\t\t\t\t<\/div>\n\t\t\t\t<\/div>\n\t\t\t\t\t<\/div>\n\t\t<\/div>\n\t\t\t\t\t<\/div>\n\t\t<\/section>\n\t\t\t\t\t<\/div>\n\t\t<\/div>\n\t\t\t\t\t<\/div>\n\t\t<\/section>\n\t\t\t\t<\/div>\n\t\t\t\t<\/div>\n\t\t<\/div>\n\t\t\t\t\t<div class=\"elementor-swiper-button elementor-swiper-button-prev\" role=\"button\" tabindex=\"0\">\n\t\t\t\t<i aria-hidden=\"true\" class=\"eicon-chevron-left\"><\/i>\t\t\t<\/div>\n\t\t\t<div class=\"elementor-swiper-button elementor-swiper-button-next\" role=\"button\" tabindex=\"0\">\n\t\t\t\t<i aria-hidden=\"true\" class=\"eicon-chevron-right\"><\/i>\t\t\t<\/div>\n\t\t\t\t\t<div class=\"swiper-pagination\"><\/div>\n\t\t\t\t<\/div>\n\t\t\t\t<\/div>\n\t\t\t\t\t<\/div>\n\t\t<\/div>\n\t\t\t\t\t<\/div>\n\t\t<\/section>\n\t\t\t\t<section class=\"elementor-section elementor-top-section elementor-element elementor-element-1782530 elementor-section-full_width elementor-section-height-default elementor-section-height-default\" data-id=\"1782530\" data-element_type=\"section\">\n\t\t\t\t\t\t<div class=\"elementor-container elementor-column-gap-default\">\n\t\t\t\t\t<div class=\"elementor-column elementor-col-100 elementor-top-column elementor-element elementor-element-63329ce\" data-id=\"63329ce\" data-element_type=\"column\">\n\t\t\t<div class=\"elementor-widget-wrap elementor-element-populated\">\n\t\t\t\t\t\t<section class=\"elementor-section elementor-inner-section elementor-element elementor-element-5a5b6e7 elementor-section-full_width elementor-reverse-mobile elementor-reverse-tablet elementor-section-height-default elementor-section-height-default\" data-id=\"5a5b6e7\" data-element_type=\"section\" data-settings=\"{&quot;background_background&quot;:&quot;classic&quot;}\">\n\t\t\t\t\t\t<div class=\"elementor-container elementor-column-gap-no\">\n\t\t\t\t\t<div class=\"elementor-column elementor-col-50 elementor-inner-column elementor-element elementor-element-6a41fad\" data-id=\"6a41fad\" data-element_type=\"column\">\n\t\t\t<div class=\"elementor-widget-wrap elementor-element-populated\">\n\t\t\t\t\t\t<div class=\"elementor-element elementor-element-7d9b655 white-p elementor-widget elementor-widget-text-editor\" data-id=\"7d9b655\" data-element_type=\"widget\" data-widget_type=\"text-editor.default\">\n\t\t\t\t<div class=\"elementor-widget-container\">\n\t\t\t\t\t\t\t<p>Was braucht es noch?<\/p>\t\t\t\t\t\t<\/div>\n\t\t\t\t<\/div>\n\t\t\t\t<div class=\"elementor-element elementor-element-25a9d20 elementor-widget elementor-widget-heading\" data-id=\"25a9d20\" data-element_type=\"widget\" data-widget_type=\"heading.default\">\n\t\t\t\t<div class=\"elementor-widget-container\">\n\t\t\t<h2 class=\"elementor-heading-title elementor-size-default\"><b>Bun\u00adte Aktio\u00adnen,\n<\/b>krea\u00adti\u00adve Kam\u00adpa\u00adgnen<\/h2>\t\t<\/div>\n\t\t\t\t<\/div>\n\t\t\t\t<div class=\"elementor-element elementor-element-0d654f3 white-p elementor-widget elementor-widget-text-editor\" data-id=\"0d654f3\" data-element_type=\"widget\" data-widget_type=\"text-editor.default\">\n\t\t\t\t<div class=\"elementor-widget-container\">\n\t\t\t\t\t\t\t<p>Es gibt vie\u00adle M\u00f6g\u00adlich\u00adkei\u00adten die Haupt\u00adver\u00adsamm\u00adlung von VW krea\u00adtiv zu beglei\u00adten. Sichert euch jetzt euer Ticket f\u00fcr den 29.05. und spielt mit bei den Wolfs\u00adbur\u00adger Fest\u00adspie\u00adlen. Das wird ein Fest. Wich\u00adtig: Aktio\u00adnen rich\u00adten sich nicht direkt gegen die Arbeiter*innen. Wir m\u00f6ch\u00adten die sozia\u00adle und \u00f6ko\u00adlo\u00adgi\u00adsche Fra\u00adge zusam\u00admen\u00adbrin\u00adgen. Arbeiter*innen und Aktivist*innen k\u00e4mp\u00adfen gemein\u00adsam f\u00fcr den sozi\u00adal-\u00f6ko\u00adlo\u00adgi\u00adschen Umbau.<\/p>\t\t\t\t\t\t<\/div>\n\t\t\t\t<\/div>\n\t\t\t\t\t<\/div>\n\t\t<\/div>\n\t\t\t\t<div class=\"elementor-column elementor-col-50 elementor-inner-column elementor-element elementor-element-c96dc3a\" data-id=\"c96dc3a\" data-element_type=\"column\">\n\t\t\t<div class=\"elementor-widget-wrap elementor-element-populated\">\n\t\t\t\t\t\t<div class=\"elementor-element elementor-element-37bbffc e-transform elementor-widget elementor-widget-image\" data-id=\"37bbffc\" data-element_type=\"widget\" data-settings=\"{&quot;_transform_translateX_effect&quot;:{&quot;unit&quot;:&quot;px&quot;,&quot;size&quot;:65,&quot;sizes&quot;:[]},&quot;_transform_translateX_effect_mobile&quot;:{&quot;unit&quot;:&quot;px&quot;,&quot;size&quot;:0,&quot;sizes&quot;:[]},&quot;_transform_translateX_effect_tablet&quot;:{&quot;unit&quot;:&quot;px&quot;,&quot;size&quot;:0,&quot;sizes&quot;:[]},&quot;_transform_translateY_effect&quot;:{&quot;unit&quot;:&quot;px&quot;,&quot;size&quot;:&quot;&quot;,&quot;sizes&quot;:[]},&quot;_transform_translateY_effect_tablet&quot;:{&quot;unit&quot;:&quot;px&quot;,&quot;size&quot;:&quot;&quot;,&quot;sizes&quot;:[]},&quot;_transform_translateY_effect_mobile&quot;:{&quot;unit&quot;:&quot;px&quot;,&quot;size&quot;:&quot;&quot;,&quot;sizes&quot;:[]}}\" data-widget_type=\"image.default\">\n\t\t\t\t<div class=\"elementor-widget-container\">\n\t\t\t\t\t\t\t\t\t\t\t\t\t<img loading=\"lazy\" decoding=\"async\" width=\"1536\" height=\"864\" src=\"https:\/\/volkswagen-umbauen.de\/wp-content\/uploads\/2023\/02\/Autostadt_Mittellandkanal-1536x864.jpg\" class=\"attachment-1536x1536 size-1536x1536 wp-image-416\" alt srcset=\"https:\/\/volkswagen-umbauen.de\/wp-content\/uploads\/2023\/02\/Autostadt_Mittellandkanal-1536x864.jpg 1536w, https:\/\/volkswagen-umbauen.de\/wp-content\/uploads\/2023\/02\/Autostadt_Mittellandkanal-300x169.jpg 300w, https:\/\/volkswagen-umbauen.de\/wp-content\/uploads\/2023\/02\/Autostadt_Mittellandkanal-1024x576.jpg 1024w, https:\/\/volkswagen-umbauen.de\/wp-content\/uploads\/2023\/02\/Autostadt_Mittellandkanal-768x432.jpg 768w, https:\/\/volkswagen-umbauen.de\/wp-content\/uploads\/2023\/02\/Autostadt_Mittellandkanal-2048x1152.jpg 2048w, https:\/\/volkswagen-umbauen.de\/wp-content\/uploads\/2023\/02\/Autostadt_Mittellandkanal-1200x675.jpg 1200w, https:\/\/volkswagen-umbauen.de\/wp-content\/uploads\/2023\/02\/Autostadt_Mittellandkanal-1980x1114.jpg 1980w\" sizes=\"(max-width: 1536px) 100vw, 1536px\">\t\t\t\t\t\t\t\t\t\t\t\t\t<\/div>\n\t\t\t\t<\/div>\n\t\t\t\t\t<\/div>\n\t\t<\/div>\n\t\t\t\t\t<\/div>\n\t\t<\/section>\n\t\t\t\t\t<\/div>\n\t\t<\/div>\n\t\t\t\t\t<\/div>\n\t\t<\/section>\n\t\t\t\t<section class=\"elementor-section elementor-top-section elementor-element elementor-element-2cead68 elementor-section-boxed elementor-section-height-default elementor-section-height-default\" data-id=\"2cead68\" data-element_type=\"section\">\n\t\t\t\t\t\t<div class=\"elementor-container elementor-column-gap-default\">\n\t\t\t\t\t<div class=\"elementor-column elementor-col-100 elementor-top-column elementor-element elementor-element-3f122e2\" data-id=\"3f122e2\" data-element_type=\"column\">\n\t\t\t<div class=\"elementor-widget-wrap elementor-element-populated\">\n\t\t\t\t\t\t<div class=\"elementor-element elementor-element-75d1370 elementor-widget elementor-widget-heading\" data-id=\"75d1370\" data-element_type=\"widget\" data-widget_type=\"heading.default\">\n\t\t\t\t<div class=\"elementor-widget-container\">\n\t\t\t<h4 class=\"elementor-heading-title elementor-size-default\"><strong>Bist du dabei?<\/strong> Oder was braucht es noch?<\/h4>\t\t<\/div>\n\t\t\t\t<\/div>\n\t\t\t\t<section class=\"elementor-section elementor-inner-section elementor-element elementor-element-091d105 elementor-section-boxed elementor-section-height-default elementor-section-height-default\" data-id=\"091d105\" data-element_type=\"section\">\n\t\t\t\t\t\t<div class=\"elementor-container elementor-column-gap-default\">\n\t\t\t\t\t<div class=\"elementor-column elementor-col-100 elementor-inner-column elementor-element elementor-element-7484237\" data-id=\"7484237\" data-element_type=\"column\">\n\t\t\t<div class=\"elementor-widget-wrap elementor-element-populated\">\n\t\t\t\t\t\t<div class=\"elementor-element elementor-element-e016040 elementor-widget elementor-widget-toggle\" data-id=\"e016040\" data-element_type=\"widget\" data-widget_type=\"toggle.default\">\n\t\t\t\t<div class=\"elementor-widget-container\">\n\t\t\t<style>\/*! elementor - v3.23.0 - 25-07-2024 *\/\n.elementor-toggle{text-align:start}.elementor-toggle .elementor-tab-title{font-weight:700;line-height:1;margin:0;padding:15px;border-bottom:1px solid #d5d8dc;cursor:pointer;outline:none}.elementor-toggle .elementor-tab-title .elementor-toggle-icon{display:inline-block;width:1em}.elementor-toggle .elementor-tab-title .elementor-toggle-icon svg{margin-inline-start:-5px;width:1em;height:1em}.elementor-toggle .elementor-tab-title .elementor-toggle-icon.elementor-toggle-icon-right{float:right;text-align:right}.elementor-toggle .elementor-tab-title .elementor-toggle-icon.elementor-toggle-icon-left{float:left;text-align:left}.elementor-toggle .elementor-tab-title .elementor-toggle-icon .elementor-toggle-icon-closed{display:block}.elementor-toggle .elementor-tab-title .elementor-toggle-icon .elementor-toggle-icon-opened{display:none}.elementor-toggle .elementor-tab-title.elementor-active{border-bottom:none}.elementor-toggle .elementor-tab-title.elementor-active .elementor-toggle-icon-closed{display:none}.elementor-toggle .elementor-tab-title.elementor-active .elementor-toggle-icon-opened{display:block}.elementor-toggle .elementor-tab-content{padding:15px;border-bottom:1px solid #d5d8dc;display:none}@media (max-width:767px){.elementor-toggle .elementor-tab-title{padding:12px}.elementor-toggle .elementor-tab-content{padding:12px 10px}}.e-con-inner>.elementor-widget-toggle,.e-con>.elementor-widget-toggle{width:var(--container-widget-width);--flex-grow:var(--container-widget-flex-grow)}<\/style>\t\t<div class=\"elementor-toggle\">\n\t\t\t\t\t\t\t<div class=\"elementor-toggle-item\">\n\t\t\t\t\t<h4 id=\"elementor-tab-title-2341\" class=\"elementor-tab-title\" data-tab=\"1\" role=\"button\" aria-controls=\"elementor-tab-content-2341\" aria-expanded=\"false\">\n\t\t\t\t\t\t\t\t\t\t\t\t<span class=\"elementor-toggle-icon elementor-toggle-icon-right\" aria-hidden=\"true\">\n\t\t\t\t\t\t\t\t\t\t\t\t\t\t\t<span class=\"elementor-toggle-icon-closed\"><svg viewBox=\"1.023 6.19 21.95 11.62\"><path d=\"m1.984 6.19 9.465 9.893c.28.299.418.397.551.397.145 0 .31-.114.572-.392l9.443-9.898.962.918-9.439 9.893a2.108 2.108 0 0 1-1.538.81 2.083 2.083 0 0 1-1.517-.813l-9.46-9.889z\" fill=\"#000000\" \/><\/svg><\/span>\n\t\t\t\t\t\t\t\t<span class=\"elementor-toggle-icon-opened\"><svg viewBox=\"-22.977 -17.811 21.95 11.62\"><path d=\"m -1.984 -6.19 l -9.465 -9.893 c -0.28 -0.299 -0.418 -0.397 -0.551 -0.397 c -0.145 0 -0.31 0.114 -0.572 0.392 l -9.443 9.898 l -0.962 -0.918 l 9.439 -9.893 a 2.108 2.108 180 0 1 1.538 -0.81 a 2.083 2.083 180 0 1 1.517 0.813 l 9.46 9.889 z\" fill=\"#000000\" \/><\/svg><\/span>\n\t\t\t\t\t\t\t\t\t\t\t\t\t<\/span>\n\t\t\t\t\t\t\t\t\t\t\t\t<a class=\"elementor-toggle-title\" tabindex=\"0\">War\u00adum soll\u00adte ich mit\u00adma\u00adchen?<\/a>\n\t\t\t\t\t<\/h4>\n\n\t\t\t\t\t<div id=\"elementor-tab-content-2341\" class=\"elementor-tab-content elementor-clearfix\" data-tab=\"1\" role=\"region\" aria-labelledby=\"elementor-tab-title-2341\"><p>Um die Kli\u00adma\u00adkri\u00adse auf\u00adzu\u00adhal\u00adten, reicht es nicht, Druck auf die Regie\u00adrung aus\u00adzu\u00ad\u00fcben. Der Staat ist letzt\u00adlich Teil der Kapi\u00adtal\u00adak\u00adku\u00admu\u00adla\u00adti\u00adon und wird sie nicht been\u00adden. Das ist aber die ein\u00adzi\u00adge M\u00f6g\u00adlich\u00adkeit, unse\u00adre Lebens\u00adgrund\u00adla\u00adge zu erhal\u00adten. Die Macht, die\u00adse Wirt\u00adschafts\u00adwei\u00adse zu ver\u00ad\u00e4n\u00addern, liegt letzt\u00adlich bei uns und nicht in den Regie\u00adrungs\u00adpa\u00adl\u00e4s\u00adten die\u00adser Welt. Denn wir alle stel\u00adlen unse\u00adre Lebens\u00adbe\u00addin\u00adgun\u00adgen her, indem wir arbei\u00adten und ein\u00adkau\u00adfen, indem wir gehor\u00adchen und uns f\u00fcgen, indem wir stu\u00addie\u00adren, Fahr\u00adkar\u00adten kau\u00adfen, Autos bau\u00aden, kell\u00adnern. Es gilt gemein\u00adsam gegen den stum\u00admen Zwang auf\u00adzu\u00adbe\u00adgeh\u00adren. Bist Du mit dabei?<\/p><\/div>\n\t\t\t\t<\/div>\n\t\t\t\t\t\t\t<div class=\"elementor-toggle-item\">\n\t\t\t\t\t<h4 id=\"elementor-tab-title-2342\" class=\"elementor-tab-title\" data-tab=\"2\" role=\"button\" aria-controls=\"elementor-tab-content-2342\" aria-expanded=\"false\">\n\t\t\t\t\t\t\t\t\t\t\t\t<span class=\"elementor-toggle-icon elementor-toggle-icon-right\" aria-hidden=\"true\">\n\t\t\t\t\t\t\t\t\t\t\t\t\t\t\t<span class=\"elementor-toggle-icon-closed\"><svg viewBox=\"1.023 6.19 21.95 11.62\"><path d=\"m1.984 6.19 9.465 9.893c.28.299.418.397.551.397.145 0 .31-.114.572-.392l9.443-9.898.962.918-9.439 9.893a2.108 2.108 0 0 1-1.538.81 2.083 2.083 0 0 1-1.517-.813l-9.46-9.889z\" fill=\"#000000\" \/><\/svg><\/span>\n\t\t\t\t\t\t\t\t<span class=\"elementor-toggle-icon-opened\"><svg viewBox=\"-22.977 -17.811 21.95 11.62\"><path d=\"m -1.984 -6.19 l -9.465 -9.893 c -0.28 -0.299 -0.418 -0.397 -0.551 -0.397 c -0.145 0 -0.31 0.114 -0.572 0.392 l -9.443 9.898 l -0.962 -0.918 l 9.439 -9.893 a 2.108 2.108 180 0 1 1.538 -0.81 a 2.083 2.083 180 0 1 1.517 0.813 l 9.46 9.889 z\" fill=\"#000000\" \/><\/svg><\/span>\n\t\t\t\t\t\t\t\t\t\t\t\t\t<\/span>\n\t\t\t\t\t\t\t\t\t\t\t\t<a class=\"elementor-toggle-title\" tabindex=\"0\">War\u00adum tut die IG Metall nichts?<\/a>\n\t\t\t\t\t<\/h4>\n\n\t\t\t\t\t<div id=\"elementor-tab-content-2342\" class=\"elementor-tab-content elementor-clearfix\" data-tab=\"2\" role=\"region\" aria-labelledby=\"elementor-tab-title-2342\"><p>Eine sehr gute Fra\u00adge. Das fra\u00adgen wir uns auch. Wir hoff\u00adten auch auf die Macht der IG Metall mit dem hohen Orga\u00adni\u00adsa\u00adti\u00adons\u00adgrad und sat\u00adzungs\u00adge\u00adm\u00e4\u00ad\u00dfen Ziel der \u00dcber\u00adf\u00fch\u00adrung von Schl\u00fcs\u00adsel\u00adin\u00addus\u00adtrien in Gemein\u00adei\u00adgen\u00adtum. Und wenn sie an ihre Sat\u00adzung erin\u00adnert wer\u00adden, reagie\u00adren sie \u00e4hn\u00adlich wie Kapi\u00adtal und Staat und es hagelt Repres\u00adsi\u00adon. Absurd\u2026<\/p><\/div>\n\t\t\t\t<\/div>\n\t\t\t\t\t\t\t<div class=\"elementor-toggle-item\">\n\t\t\t\t\t<h4 id=\"elementor-tab-title-2343\" class=\"elementor-tab-title\" data-tab=\"3\" role=\"button\" aria-controls=\"elementor-tab-content-2343\" aria-expanded=\"false\">\n\t\t\t\t\t\t\t\t\t\t\t\t<span class=\"elementor-toggle-icon elementor-toggle-icon-right\" aria-hidden=\"true\">\n\t\t\t\t\t\t\t\t\t\t\t\t\t\t\t<span class=\"elementor-toggle-icon-closed\"><svg viewBox=\"1.023 6.19 21.95 11.62\"><path d=\"m1.984 6.19 9.465 9.893c.28.299.418.397.551.397.145 0 .31-.114.572-.392l9.443-9.898.962.918-9.439 9.893a2.108 2.108 0 0 1-1.538.81 2.083 2.083 0 0 1-1.517-.813l-9.46-9.889z\" fill=\"#000000\" \/><\/svg><\/span>\n\t\t\t\t\t\t\t\t<span class=\"elementor-toggle-icon-opened\"><svg viewBox=\"-22.977 -17.811 21.95 11.62\"><path d=\"m -1.984 -6.19 l -9.465 -9.893 c -0.28 -0.299 -0.418 -0.397 -0.551 -0.397 c -0.145 0 -0.31 0.114 -0.572 0.392 l -9.443 9.898 l -0.962 -0.918 l 9.439 -9.893 a 2.108 2.108 180 0 1 1.538 -0.81 a 2.083 2.083 180 0 1 1.517 0.813 l 9.46 9.889 z\" fill=\"#000000\" \/><\/svg><\/span>\n\t\t\t\t\t\t\t\t\t\t\t\t\t<\/span>\n\t\t\t\t\t\t\t\t\t\t\t\t<a class=\"elementor-toggle-title\" tabindex=\"0\">Was ist bis\u00adher so pas\u00adsiert?<\/a>\n\t\t\t\t\t<\/h4>\n\n\t\t\t\t\t<div id=\"elementor-tab-content-2343\" class=\"elementor-tab-content elementor-clearfix\" data-tab=\"3\" role=\"region\" aria-labelledby=\"elementor-tab-title-2343\"><p>Seit gut f\u00fcnf Jah\u00adren gibt es bereits Inter\u00adven\u00adtio\u00adnen bei VW in Wolfs\u00adburg. Das soll\u00adte kon\u00adstan\u00adter orga\u00adni\u00adsiert wer\u00adden. Seit August 2022 sind Aktivist*innen gemein\u00adsam mit Arbeiter*innen in der \u201aH\u00f6h\u00adle des L\u00f6wen\u2018, in der VW-Stadt Wolfs\u00adburg, im Her\u00adzen der Auto\u00admo\u00adbil\u00adin\u00addus\u00adtrie unter\u00adwegs, um mit krea\u00adti\u00adven Kam\u00adpa\u00adgnen und bun\u00adten Aktio\u00adnen den auto\u00admo\u00adbi\u00adlen Kon\u00adsens auf\u00adzu\u00adbre\u00adchen.<\/p><p>&nbsp;<\/p><p>Es ist Zeit f\u00fcr Ver\u00ad\u00e4n\u00adde\u00adrung und end\u00adlich Ver\u00adant\u00adwor\u00adtung zu \u00fcber\u00adneh\u00admen. Kei\u00adne wei\u00adte\u00adre Aus\u00adsch\u00fct\u00adtung von Divi\u00adden\u00adden. Es darf nicht sein, dass Ver\u00adlus\u00adte sozia\u00adli\u00adsiert und Gewin\u00adne pri\u00adva\u00adti\u00adsiert wer\u00adden. Das ist zum Schrei\u00aden unge\u00adrecht und das machen wir nicht mehr mit. Aus\u00addr\u00fcck\u00adlich rich\u00adten wir uns mit den Aktio\u00adnen nicht gegen die Arbeiter*innen und Wolfsburger*innen, son\u00addern gegen ein unbe\u00adre\u00adchen\u00adba\u00adres Manage\u00adment, wel\u00adches nie\u00admals Natur oder Arbeits\u00adpl\u00e4t\u00adze im Sinn hat, wenn es nicht den Pro\u00adfit stei\u00adgert. Aber die Zeit des Lebens auf Kos\u00adten Ande\u00adrer ist nun vor\u00adbei.<\/p><p>&nbsp;<\/p><p>Letz\u00adtes Jahr war die Ver\u00adsamm\u00adlung der VW-Eigent\u00fcmer:innen noch phy\u00adsisch greif\u00adbar. Loka\u00adle, bun\u00addes\u00adwei\u00adte und inter\u00adna\u00adtio\u00adna\u00adle Pres\u00adse berich\u00adte\u00adte \u00fcber die sehr wirk\u00adsa\u00adme, krea\u00adti\u00adve Beglei\u00adtung mit Tor\u00adten\u00adwurf, Farb\u00adbeu\u00adteln, Nackt\u00adpro\u00adtest, Pro\u00adtest\u00adak\u00adtio\u00adnen f\u00fcr die uigu\u00adri\u00adschen Zwangs\u00adar\u00adbei\u00adten\u00adden und vie\u00adlem mehr. Der All\u00adtag der zer\u00adst\u00f6\u00adre\u00adri\u00adschen Auto\u00admo\u00adbil\u00adin\u00addus\u00adtrie wur\u00adde unter\u00adbro\u00adchen und Kri\u00adtik und Uto\u00adpie in die Gesell\u00adschaft gebracht. <br><br>Wer wird die sch\u00f6ns\u00adte \u201cvir\u00adtu\u00adel\u00adle Tor\u00adten\u201d wer\u00adfen?<\/p><\/div>\n\t\t\t\t<\/div>\n\t\t\t\t\t\t\t<div class=\"elementor-toggle-item\">\n\t\t\t\t\t<h4 id=\"elementor-tab-title-2344\" class=\"elementor-tab-title\" data-tab=\"4\" role=\"button\" aria-controls=\"elementor-tab-content-2344\" aria-expanded=\"false\">\n\t\t\t\t\t\t\t\t\t\t\t\t<span class=\"elementor-toggle-icon elementor-toggle-icon-right\" aria-hidden=\"true\">\n\t\t\t\t\t\t\t\t\t\t\t\t\t\t\t<span class=\"elementor-toggle-icon-closed\"><svg viewBox=\"1.023 6.19 21.95 11.62\"><path d=\"m1.984 6.19 9.465 9.893c.28.299.418.397.551.397.145 0 .31-.114.572-.392l9.443-9.898.962.918-9.439 9.893a2.108 2.108 0 0 1-1.538.81 2.083 2.083 0 0 1-1.517-.813l-9.46-9.889z\" fill=\"#000000\" \/><\/svg><\/span>\n\t\t\t\t\t\t\t\t<span class=\"elementor-toggle-icon-opened\"><svg viewBox=\"-22.977 -17.811 21.95 11.62\"><path d=\"m -1.984 -6.19 l -9.465 -9.893 c -0.28 -0.299 -0.418 -0.397 -0.551 -0.397 c -0.145 0 -0.31 0.114 -0.572 0.392 l -9.443 9.898 l -0.962 -0.918 l 9.439 -9.893 a 2.108 2.108 180 0 1 1.538 -0.81 a 2.083 2.083 180 0 1 1.517 0.813 l 9.46 9.889 z\" fill=\"#000000\" \/><\/svg><\/span>\n\t\t\t\t\t\t\t\t\t\t\t\t\t<\/span>\n\t\t\t\t\t\t\t\t\t\t\t\t<a class=\"elementor-toggle-title\" tabindex=\"0\">War\u00adum eigent\u00adlich VW und Wolfs\u00adburg?<\/a>\n\t\t\t\t\t<\/h4>\n\n\t\t\t\t\t<div id=\"elementor-tab-content-2344\" class=\"elementor-tab-content elementor-clearfix\" data-tab=\"4\" role=\"region\" aria-labelledby=\"elementor-tab-title-2344\"><p>Ste\u00adphan Les\u00adse\u00adnich bringt es auf den Punkt:<br><br>\u201cWer die kapi\u00adta\u00adlis\u00adti\u00adschen Pro\u00adduk\u00adti\u00adons\u00adver\u00adh\u00e4lt\u00adnis\u00adse umge\u00adstal\u00adten, ja umbre\u00adchen m\u00f6ch\u00adte \u2013 zum Schutz der nat\u00fcr\u00adli\u00adchen Rest\u00adres\u00adsour\u00adcen der Welt und zum Woh\u00adle der arbei\u00adten\u00adden Men\u00adschen auf<br>ihr \u2013, (\u2026) der muss, statt in die Reser\u00adva\u00adte der Para\u00addies\u00adv\u00f6\u00adgel, in die H\u00f6h\u00adle des L\u00f6wen gehen: in<br>die kapi\u00adta\u00adlis\u00adti\u00adsche Pro\u00adduk\u00adti\u00adon.\u201d<\/p><p>Kon\u00adkret gibt es drei<\/p><p>Beson\u00adder\u00adhei\u00adten bei VW und Wolfs\u00adburg:<\/p><p>&nbsp;<\/p><p>1. das VW-Gesetz mit den bes\u00adten M\u00f6g\u00adlich\u00adkei\u00adten der Mit\u00adbe\u00adstim\u00admung in Deutsch\u00adland<\/p><p>&nbsp;<\/p><p>2. die \u00f6ffent\u00adli\u00adche Hand, also das Land Nie\u00adder\u00adsach\u00adsen als Gro\u00df\u00adak\u00adtio\u00adn\u00e4r mit 20 % Antei\u00adlen und beson\u00adde\u00adren Veto\u00adrech\u00adten<\/p><p>&nbsp;<\/p><p>3. die Macht der IG Metall mit dem hohen Orga\u00adni\u00adsa\u00adti\u00adons\u00adgrad und sat\u00adzungs\u00adge\u00adm\u00e4\u00ad\u00dfen Ziel der \u00dcber\u00adf\u00fch\u00adrung von Schl\u00fcs\u00adsel\u00adin\u00addus\u00adtrien in Gemein\u00adei\u00adgen\u00adtum<\/p><\/div>\n\t\t\t\t<\/div>\n\t\t\t\t\t\t\t<div class=\"elementor-toggle-item\">\n\t\t\t\t\t<h4 id=\"elementor-tab-title-2345\" class=\"elementor-tab-title\" data-tab=\"5\" role=\"button\" aria-controls=\"elementor-tab-content-2345\" aria-expanded=\"false\">\n\t\t\t\t\t\t\t\t\t\t\t\t<span class=\"elementor-toggle-icon elementor-toggle-icon-right\" aria-hidden=\"true\">\n\t\t\t\t\t\t\t\t\t\t\t\t\t\t\t<span class=\"elementor-toggle-icon-closed\"><svg viewBox=\"1.023 6.19 21.95 11.62\"><path d=\"m1.984 6.19 9.465 9.893c.28.299.418.397.551.397.145 0 .31-.114.572-.392l9.443-9.898.962.918-9.439 9.893a2.108 2.108 0 0 1-1.538.81 2.083 2.083 0 0 1-1.517-.813l-9.46-9.889z\" fill=\"#000000\" \/><\/svg><\/span>\n\t\t\t\t\t\t\t\t<span class=\"elementor-toggle-icon-opened\"><svg viewBox=\"-22.977 -17.811 21.95 11.62\"><path d=\"m -1.984 -6.19 l -9.465 -9.893 c -0.28 -0.299 -0.418 -0.397 -0.551 -0.397 c -0.145 0 -0.31 0.114 -0.572 0.392 l -9.443 9.898 l -0.962 -0.918 l 9.439 -9.893 a 2.108 2.108 180 0 1 1.538 -0.81 a 2.083 2.083 180 0 1 1.517 0.813 l 9.46 9.889 z\" fill=\"#000000\" \/><\/svg><\/span>\n\t\t\t\t\t\t\t\t\t\t\t\t\t<\/span>\n\t\t\t\t\t\t\t\t\t\t\t\t<a class=\"elementor-toggle-title\" tabindex=\"0\">Das ist doch total unrea\u00adlis\u00adtisch, oder?<\/a>\n\t\t\t\t\t<\/h4>\n\n\t\t\t\t\t<div id=\"elementor-tab-content-2345\" class=\"elementor-tab-content elementor-clearfix\" data-tab=\"5\" role=\"region\" aria-labelledby=\"elementor-tab-title-2345\"><p>Immer wie\u00adder kommt die Fra\u00adge auf, ob die Kon\u00adver\u00adsi\u00adon m\u00f6g\u00adlich w\u00e4re. Tech\u00adnisch und sach\u00adlich ist dies wenig bestrit\u00adten. Selbst\u00adver\u00adst\u00e4nd\u00adlich gibt es eine gan\u00adze Rei\u00adhe Maschi\u00adnen und Anla\u00adgen, die so spe\u00adzi\u00adell sind, dass sie kaum f\u00fcr etwas ande\u00adres tau\u00adgen, als zu dem Zwe\u00adcke, f\u00fcr den sie her\u00adge\u00adstellt wur\u00adden. Doch der Gro\u00df\u00adteil l\u00e4sst sich noch eine Wei\u00adle ver\u00adwen\u00adden. Grund\u00ads\u00e4tz\u00adlich wer\u00adden Maschi\u00adnen und Anla\u00adgen aber ohne\u00adhin regel\u00adm\u00e4\u00ad\u00dfig erneu\u00adert. Was die Arbeiter*innen und Ingenieur*innen angeht:<br><br>Wir k\u00f6n\u00adnen Metall, wir k\u00f6n\u00adnen Kunst\u00adstoff, wir k\u00f6n\u00adnen Elek\u00adtrik und wir k\u00f6n\u00adnen Kr\u00e4f\u00adte berech\u00adnen. War\u00adum soll\u00adte also eine Auto\u00admo\u00adbil\u00adbe\u00adleg\u00adschaft nicht Stra\u00ad\u00dfen\u00adbah\u00adnen bau\u00aden k\u00f6n\u00adnen? Selbst\u00adver\u00adst\u00e4nd\u00adlich bedeu\u00adtet es f\u00fcr alle Ver\u00ad\u00e4n\u00adde\u00adrung und die Bereit\u00adschaft f\u00fcr Neu\u00ades, aber nichts Unm\u00f6g\u00adli\u00adches. Eine von der Hans-B\u00f6ck\u00adler-Stif\u00adtung beauf\u00adtrag\u00adte Stu\u00addie der M\u2011Five und des Fraun\u00adho\u00adfer ISI belegt ein Besch\u00e4f\u00adti\u00adgungs\u00adpo\u00adten\u00adti\u00adal von 69.000 Besch\u00e4f\u00adtig\u00adten im<br>Schie\u00adnen\u00adfahr\u00adzeug\u00adbau bis 2035. In dem Ma\u00dfe wie die Auto\u00adin\u00addus\u00adtrie an Bedeu\u00adtung ver\u00adliert, gewinnt der Schie\u00adnen\u00adfahr\u00adzeug\u00adbau hin\u00adzu.<\/p><\/div>\n\t\t\t\t<\/div>\n\t\t\t\t\t\t\t\t\t\t<script type=\"application\/ld+json\">{\"@context\":\"https:\\\/\\\/schema.org\",\"@type\":\"FAQPage\",\"mainEntity\":[{\"@type\":\"Question\",\"name\":\"Warum sollte ich mitmachen?\",\"acceptedAnswer\":{\"@type\":\"Answer\",\"text\":\"<p>Um die Klimakrise aufzuhalten, reicht es nicht, Druck auf die Regierung auszu\\u00fcben. Der Staat ist letztlich Teil der Kapitalakkumulation und wird sie nicht beenden. Das ist aber die einzige M\\u00f6glichkeit, unsere Lebensgrundlage zu erhalten. Die Macht, diese Wirtschaftsweise zu ver\\u00e4ndern, liegt letztlich bei uns und nicht in den Regierungspal\\u00e4sten dieser Welt. Denn wir alle stellen unsere Lebensbedingungen her, indem wir arbeiten und einkaufen, indem wir gehorchen und uns f\\u00fcgen, indem wir studieren, Fahrkarten kaufen, Autos bauen, kellnern. Es gilt gemeinsam gegen den stummen Zwang aufzubegehren. Bist Du mit dabei?<\\\/p>\"}},{\"@type\":\"Question\",\"name\":\"Warum tut die IG Metall nichts?\",\"acceptedAnswer\":{\"@type\":\"Answer\",\"text\":\"<p>Eine sehr gute Frage. Das fragen wir uns auch. Wir hofften auch auf die Macht der IG Metall mit dem hohen Organisationsgrad und satzungsgem\\u00e4\\u00dfen Ziel der \\u00dcberf\\u00fchrung von Schl\\u00fcsselindustrien in Gemeineigentum. Und wenn sie an ihre Satzung erinnert werden, reagieren sie \\u00e4hnlich wie Kapital und Staat und es hagelt Repression. Absurd...<\\\/p>\"}},{\"@type\":\"Question\",\"name\":\"Was ist bisher so passiert?\",\"acceptedAnswer\":{\"@type\":\"Answer\",\"text\":\"<p>Seit gut f\\u00fcnf Jahren gibt es bereits Interventionen bei VW in Wolfsburg. Das sollte konstanter organisiert werden. Seit August 2022 sind Aktivist*innen gemeinsam mit Arbeiter*innen in der \\u201aH\\u00f6hle des L\\u00f6wen\\u2018, in der VW-Stadt Wolfsburg, im Herzen der Automobilindustrie unterwegs, um mit kreativen Kampagnen und bunten Aktionen den automobilen Konsens aufzubrechen.<\\\/p><p>\\u00a0<\\\/p><p>Es ist Zeit f\\u00fcr Ver\\u00e4nderung und endlich Verantwortung zu \\u00fcbernehmen. Keine weitere Aussch\\u00fcttung von Dividenden. Es darf nicht sein, dass Verluste sozialisiert und Gewinne privatisiert werden. Das ist zum Schreien ungerecht und das machen wir nicht mehr mit. Ausdr\\u00fccklich richten wir uns mit den Aktionen nicht gegen die Arbeiter*innen und Wolfsburger*innen, sondern gegen ein unberechenbares Management, welches niemals Natur oder Arbeitspl\\u00e4tze im Sinn hat, wenn es nicht den Profit steigert. Aber die Zeit des Lebens auf Kosten Anderer ist nun vorbei.<\\\/p><p>\\u00a0<\\\/p><p>Letztes Jahr war die Versammlung der VW-Eigent\\u00fcmer:innen noch physisch greifbar. Lokale, bundesweite und internationale Presse berichtete \\u00fcber die sehr wirksame, kreative Begleitung mit Tortenwurf, Farbbeuteln, Nacktprotest, Protestaktionen f\\u00fcr die uigurischen Zwangsarbeitenden und vielem mehr. Der Alltag der zerst\\u00f6rerischen Automobilindustrie wurde unterbrochen und Kritik und Utopie in die Gesellschaft gebracht. <br \\\/><br \\\/>Wer wird die sch\\u00f6nste \\\"virtuelle Torten\\\" werfen?<\\\/p>\"}},{\"@type\":\"Question\",\"name\":\"Warum eigentlich VW und Wolfsburg?\",\"acceptedAnswer\":{\"@type\":\"Answer\",\"text\":\"<p>Stephan Lessenich bringt es auf den Punkt:<br \\\/><br \\\/>\\\"Wer die kapitalistischen Produktionsverh\\u00e4ltnisse umgestalten, ja umbrechen m\\u00f6chte \\u2013 zum Schutz der nat\\u00fcrlichen Restressourcen der Welt und zum Wohle der arbeitenden Menschen auf<br \\\/>ihr \\u2013, (\\u2026) der muss, statt in die Reservate der Paradiesv\\u00f6gel, in die H\\u00f6hle des L\\u00f6wen gehen: in<br \\\/>die kapitalistische Produktion.\\\"<\\\/p><p>Konkret gibt es drei<\\\/p><p>Besonderheiten bei VW und Wolfsburg:<\\\/p><p>\\u00a0<\\\/p><p>1. das VW-Gesetz mit den besten M\\u00f6glichkeiten der Mitbestimmung in Deutschland<\\\/p><p>\\u00a0<\\\/p><p>2. die \\u00f6ffentliche Hand, also das Land Niedersachsen als Gro\\u00dfaktion\\u00e4r mit 20 % Anteilen und besonderen Vetorechten<\\\/p><p>\\u00a0<\\\/p><p>3. die Macht der IG Metall mit dem hohen Organisationsgrad und satzungsgem\\u00e4\\u00dfen Ziel der \\u00dcberf\\u00fchrung von Schl\\u00fcsselindustrien in Gemeineigentum<\\\/p>\"}},{\"@type\":\"Question\",\"name\":\"Das ist doch total unrealistisch, oder?\",\"acceptedAnswer\":{\"@type\":\"Answer\",\"text\":\"<p>Immer wieder kommt die Frage auf, ob die Konversion m\\u00f6glich w\\u00e4re. Technisch und sachlich ist dies wenig bestritten. Selbstverst\\u00e4ndlich gibt es eine ganze Reihe Maschinen und Anlagen, die so speziell sind, dass sie kaum f\\u00fcr etwas anderes taugen, als zu dem Zwecke, f\\u00fcr den sie hergestellt wurden. Doch der Gro\\u00dfteil l\\u00e4sst sich noch eine Weile verwenden. Grunds\\u00e4tzlich werden Maschinen und Anlagen aber ohnehin regelm\\u00e4\\u00dfig erneuert. Was die Arbeiter*innen und Ingenieur*innen angeht:<br \\\/><br \\\/>Wir k\\u00f6nnen Metall, wir k\\u00f6nnen Kunststoff, wir k\\u00f6nnen Elektrik und wir k\\u00f6nnen Kr\\u00e4fte berechnen. Warum sollte also eine Automobilbelegschaft nicht Stra\\u00dfenbahnen bauen k\\u00f6nnen? Selbstverst\\u00e4ndlich bedeutet es f\\u00fcr alle Ver\\u00e4nderung und die Bereitschaft f\\u00fcr Neues, aber nichts Unm\\u00f6gliches. Eine von der Hans-B\\u00f6ckler-Stiftung beauftragte Studie der M-Five und des Fraunhofer ISI belegt ein Besch\\u00e4ftigungspotential von 69.000 Besch\\u00e4ftigten im<br \\\/>Schienenfahrzeugbau bis 2035. In dem Ma\\u00dfe wie die Autoindustrie an Bedeutung verliert, gewinnt der Schienenfahrzeugbau hinzu.<\\\/p>\"}}]}<\/script>\n\t\t\t\t\t<\/div>\n\t\t\t\t<\/div>\n\t\t\t\t<\/div>\n\t\t\t\t\t<\/div>\n\t\t<\/div>\n\t\t\t\t\t<\/div>\n\t\t<\/section>\n\t\t\t\t\t<\/div>\n\t\t<\/div>\n\t\t\t\t\t<\/div>\n\t\t<\/section>\n\t\t\t\t<footer class=\"elementor-section elementor-top-section elementor-element elementor-element-7c1beeb elementor-section-boxed elementor-section-height-default elementor-section-height-default\" data-id=\"7c1beeb\" data-element_type=\"section\">\n\t\t\t\t\t\t<div class=\"elementor-container elementor-column-gap-default\">\n\t\t\t\t\t<div class=\"elementor-column elementor-col-100 elementor-top-column elementor-element elementor-element-a0db40f\" data-id=\"a0db40f\" data-element_type=\"column\">\n\t\t\t<div class=\"elementor-widget-wrap elementor-element-populated\">\n\t\t\t\t\t\t<div class=\"elementor-element elementor-element-bb9800c elementor-widget-divider--view-line elementor-widget elementor-widget-divider\" data-id=\"bb9800c\" data-element_type=\"widget\" data-widget_type=\"divider.default\">\n\t\t\t\t<div class=\"elementor-widget-container\">\n\t\t\t<style>\/*! elementor - v3.23.0 - 25-07-2024 *\/\n.elementor-widget-divider{--divider-border-style:none;--divider-border-width:1px;--divider-color:#0c0d0e;--divider-icon-size:20px;--divider-element-spacing:10px;--divider-pattern-height:24px;--divider-pattern-size:20px;--divider-pattern-url:none;--divider-pattern-repeat:repeat-x}.elementor-widget-divider .elementor-divider{display:flex}.elementor-widget-divider .elementor-divider__text{font-size:15px;line-height:1;max-width:95%}.elementor-widget-divider .elementor-divider__element{margin:0 var(--divider-element-spacing);flex-shrink:0}.elementor-widget-divider .elementor-icon{font-size:var(--divider-icon-size)}.elementor-widget-divider .elementor-divider-separator{display:flex;margin:0;direction:ltr}.elementor-widget-divider--view-line_icon .elementor-divider-separator,.elementor-widget-divider--view-line_text .elementor-divider-separator{align-items:center}.elementor-widget-divider--view-line_icon .elementor-divider-separator:after,.elementor-widget-divider--view-line_icon .elementor-divider-separator:before,.elementor-widget-divider--view-line_text .elementor-divider-separator:after,.elementor-widget-divider--view-line_text .elementor-divider-separator:before{display:block;content:\"\";border-block-end:0;flex-grow:1;border-block-start:var(--divider-border-width) var(--divider-border-style) var(--divider-color)}.elementor-widget-divider--element-align-left .elementor-divider .elementor-divider-separator>.elementor-divider__svg:first-of-type{flex-grow:0;flex-shrink:100}.elementor-widget-divider--element-align-left .elementor-divider-separator:before{content:none}.elementor-widget-divider--element-align-left .elementor-divider__element{margin-left:0}.elementor-widget-divider--element-align-right .elementor-divider .elementor-divider-separator>.elementor-divider__svg:last-of-type{flex-grow:0;flex-shrink:100}.elementor-widget-divider--element-align-right .elementor-divider-separator:after{content:none}.elementor-widget-divider--element-align-right .elementor-divider__element{margin-right:0}.elementor-widget-divider--element-align-start .elementor-divider .elementor-divider-separator>.elementor-divider__svg:first-of-type{flex-grow:0;flex-shrink:100}.elementor-widget-divider--element-align-start .elementor-divider-separator:before{content:none}.elementor-widget-divider--element-align-start .elementor-divider__element{margin-inline-start:0}.elementor-widget-divider--element-align-end .elementor-divider .elementor-divider-separator>.elementor-divider__svg:last-of-type{flex-grow:0;flex-shrink:100}.elementor-widget-divider--element-align-end .elementor-divider-separator:after{content:none}.elementor-widget-divider--element-align-end .elementor-divider__element{margin-inline-end:0}.elementor-widget-divider:not(.elementor-widget-divider--view-line_text):not(.elementor-widget-divider--view-line_icon) .elementor-divider-separator{border-block-start:var(--divider-border-width) var(--divider-border-style) var(--divider-color)}.elementor-widget-divider--separator-type-pattern{--divider-border-style:none}.elementor-widget-divider--separator-type-pattern.elementor-widget-divider--view-line .elementor-divider-separator,.elementor-widget-divider--separator-type-pattern:not(.elementor-widget-divider--view-line) .elementor-divider-separator:after,.elementor-widget-divider--separator-type-pattern:not(.elementor-widget-divider--view-line) .elementor-divider-separator:before,.elementor-widget-divider--separator-type-pattern:not([class*=elementor-widget-divider--view]) .elementor-divider-separator{width:100%;min-height:var(--divider-pattern-height);-webkit-mask-size:var(--divider-pattern-size) 100%;mask-size:var(--divider-pattern-size) 100%;-webkit-mask-repeat:var(--divider-pattern-repeat);mask-repeat:var(--divider-pattern-repeat);background-color:var(--divider-color);-webkit-mask-image:var(--divider-pattern-url);mask-image:var(--divider-pattern-url)}.elementor-widget-divider--no-spacing{--divider-pattern-size:auto}.elementor-widget-divider--bg-round{--divider-pattern-repeat:round}.rtl .elementor-widget-divider .elementor-divider__text{direction:rtl}.e-con-inner>.elementor-widget-divider,.e-con>.elementor-widget-divider{width:var(--container-widget-width,100%);--flex-grow:var(--container-widget-flex-grow)}<\/style>\t\t<div class=\"elementor-divider\">\n\t\t\t<span class=\"elementor-divider-separator\">\n\t\t\t\t\t\t<\/span>\n\t\t<\/div>\n\t\t\t\t<\/div>\n\t\t\t\t<\/div>\n\t\t\t\t<section class=\"elementor-section elementor-inner-section elementor-element elementor-element-aa85ddb elementor-section-boxed elementor-section-height-default elementor-section-height-default\" data-id=\"aa85ddb\" data-element_type=\"section\">\n\t\t\t\t\t\t<div class=\"elementor-container elementor-column-gap-default\">\n\t\t\t\t\t<div class=\"elementor-column elementor-col-50 elementor-inner-column elementor-element elementor-element-57675dd\" data-id=\"57675dd\" data-element_type=\"column\">\n\t\t\t<div class=\"elementor-widget-wrap elementor-element-populated\">\n\t\t\t\t\t\t<div class=\"elementor-element elementor-element-5840468 elementor-widget elementor-widget-heading\" data-id=\"5840468\" data-element_type=\"widget\" data-widget_type=\"heading.default\">\n\t\t\t\t<div class=\"elementor-widget-container\">\n\t\t\t<h4 class=\"elementor-heading-title elementor-size-default\">Volks\u00adwa\u00adgen<\/h4>\t\t<\/div>\n\t\t\t\t<\/div>\n\t\t\t\t<div class=\"elementor-element elementor-element-cb380f4 elementor-widget elementor-widget-text-editor\" data-id=\"cb380f4\" data-element_type=\"widget\" data-widget_type=\"text-editor.default\">\n\t\t\t\t<div class=\"elementor-widget-container\">\n\t\t\t\t\t\t\t<p><a href=\"https:\/\/www.volkswagenag.com\/\">Volks\u00adwa\u00adgen Kon\u00adzern<\/a><\/p>\t\t\t\t\t\t<\/div>\n\t\t\t\t<\/div>\n\t\t\t\t<div class=\"elementor-element elementor-element-1545e02 elementor-widget elementor-widget-text-editor\" data-id=\"1545e02\" data-element_type=\"widget\" data-widget_type=\"text-editor.default\">\n\t\t\t\t<div class=\"elementor-widget-container\">\n\t\t\t\t\t\t\t<p><a href=\"https:\/\/www.volkswagen.de\/de.html\">Volks\u00adwa\u00adgen Inter\u00adna\u00adtio\u00adnal<\/a><\/p>\t\t\t\t\t\t<\/div>\n\t\t\t\t<\/div>\n\t\t\t\t<div class=\"elementor-element elementor-element-a9e555d elementor-widget elementor-widget-text-editor\" data-id=\"a9e555d\" data-element_type=\"widget\" data-widget_type=\"text-editor.default\">\n\t\t\t\t<div class=\"elementor-widget-container\">\n\t\t\t\t\t\t\t<p><a href=\"https:\/\/www.volkswagen.de\/de\/unternehmen.html\">Das Unter\u00adneh\u00admen<\/a><\/p>\t\t\t\t\t\t<\/div>\n\t\t\t\t<\/div>\n\t\t\t\t<div class=\"elementor-element elementor-element-59f2147 elementor-widget elementor-widget-text-editor\" data-id=\"59f2147\" data-element_type=\"widget\" data-widget_type=\"text-editor.default\">\n\t\t\t\t<div class=\"elementor-widget-container\">\n\t\t\t\t\t\t\t<p><a href=\"https:\/\/www.volkswagenag.com\/de\/group\/compliance-and-risk-management\/whistleblowersystem.html\">Hin\u00adweis\u00adge\u00adber\u00adsys\u00adtem<\/a><\/p>\t\t\t\t\t\t<\/div>\n\t\t\t\t<\/div>\n\t\t\t\t\t<\/div>\n\t\t<\/div>\n\t\t\t\t<div class=\"elementor-column elementor-col-50 elementor-inner-column elementor-element elementor-element-87c8dcc\" data-id=\"87c8dcc\" data-element_type=\"column\">\n\t\t\t<div class=\"elementor-widget-wrap elementor-element-populated\">\n\t\t\t\t\t\t<div class=\"elementor-element elementor-element-92cc84d elementor-widget elementor-widget-heading\" data-id=\"92cc84d\" data-element_type=\"widget\" data-widget_type=\"heading.default\">\n\t\t\t\t<div class=\"elementor-widget-container\">\n\t\t\t<h4 class=\"elementor-heading-title elementor-size-default\">Social<\/h4>\t\t<\/div>\n\t\t\t\t<\/div>\n\t\t\t\t<div class=\"elementor-element elementor-element-814bb5d elementor-widget elementor-widget-text-editor\" data-id=\"814bb5d\" data-element_type=\"widget\" data-widget_type=\"text-editor.default\">\n\t\t\t\t<div class=\"elementor-widget-container\">\n\t\t\t\t\t\t\t<p><a href=\"https:\/\/www.instagram.com\/hello_volkswagen\/\">Insta\u00adgram<\/a><\/p>\t\t\t\t\t\t<\/div>\n\t\t\t\t<\/div>\n\t\t\t\t<div class=\"elementor-element elementor-element-7f03ad7 elementor-widget elementor-widget-text-editor\" data-id=\"7f03ad7\" data-element_type=\"widget\" data-widget_type=\"text-editor.default\">\n\t\t\t\t<div class=\"elementor-widget-container\">\n\t\t\t\t\t\t\t<p><a href=\"https:\/\/de-de.facebook.com\/volkswagen.karriere\/\">Face\u00adbook<\/a><\/p>\t\t\t\t\t\t<\/div>\n\t\t\t\t<\/div>\n\t\t\t\t<div class=\"elementor-element elementor-element-165c1aa elementor-widget elementor-widget-text-editor\" data-id=\"165c1aa\" data-element_type=\"widget\" data-widget_type=\"text-editor.default\">\n\t\t\t\t<div class=\"elementor-widget-container\">\n\t\t\t\t\t\t\t<p><a href=\"https:\/\/www.xing.com\/companies\/volkswagenag\">XING<\/a><\/p>\t\t\t\t\t\t<\/div>\n\t\t\t\t<\/div>\n\t\t\t\t<div class=\"elementor-element elementor-element-b1498c1 elementor-widget elementor-widget-text-editor\" data-id=\"b1498c1\" data-element_type=\"widget\" data-widget_type=\"text-editor.default\">\n\t\t\t\t<div class=\"elementor-widget-container\">\n\t\t\t\t\t\t\t<p><a href=\"https:\/\/de.linkedin.com\/company\/volkswagen-ag\">Lin\u00adke\u00addIn<\/a><\/p>\t\t\t\t\t\t<\/div>\n\t\t\t\t<\/div>\n\t\t\t\t<div class=\"elementor-element elementor-element-21420b0 elementor-widget elementor-widget-text-editor\" data-id=\"21420b0\" data-element_type=\"widget\" data-widget_type=\"text-editor.default\">\n\t\t\t\t<div class=\"elementor-widget-container\">\n\t\t\t\t\t\t\t<p><a href=\"https:\/\/www.kununu.com\/de\/volkswagen\">kun\u00adunu Volks\u00adwa\u00adgen<\/a><\/p>\t\t\t\t\t\t<\/div>\n\t\t\t\t<\/div>\n\t\t\t\t<div class=\"elementor-element elementor-element-042fe79 elementor-widget elementor-widget-text-editor\" data-id=\"042fe79\" data-element_type=\"widget\" data-widget_type=\"text-editor.default\">\n\t\t\t\t<div class=\"elementor-widget-container\">\n\t\t\t\t\t\t\t<p><a href=\"https:\/\/www.kununu.com\/de\/volkswagennutzfahrzeuge\">kun\u00adunu Volks\u00adwa\u00adgen Nutz\u00adfahr\u00adzeu\u00adge<\/a><\/p>\t\t\t\t\t\t<\/div>\n\t\t\t\t<\/div>\n\t\t\t\t\t<\/div>\n\t\t<\/div>\n\t\t\t\t\t<\/div>\n\t\t<\/section>\n\t\t\t\t<section class=\"elementor-section elementor-inner-section elementor-element elementor-element-a1a3a2b elementor-section-boxed elementor-section-height-default elementor-section-height-default\" data-id=\"a1a3a2b\" data-element_type=\"section\">\n\t\t\t\t\t\t<div class=\"elementor-container elementor-column-gap-default\">\n\t\t\t\t\t<div class=\"elementor-column elementor-col-100 elementor-inner-column elementor-element elementor-element-7718519\" data-id=\"7718519\" data-element_type=\"column\">\n\t\t\t<div class=\"elementor-widget-wrap elementor-element-populated\">\n\t\t\t\t\t\t<div class=\"elementor-element elementor-element-2fc616d elementor-widget elementor-widget-text-editor\" data-id=\"2fc616d\" data-element_type=\"widget\" data-widget_type=\"text-editor.default\">\n\t\t\t\t<div class=\"elementor-widget-container\">\n\t\t\t\t\t\t\t<p><a href=\"https:\/\/www.volkswagen.de\/de\/mehr\/impressum.html\"><span class=\"StyledTextComponent-sc-hqqa9q NlCcT\"><span class=\"StyledLinkText-sc-12fkfup bPNfIu\">Impres\u00adsum<\/span><\/span><\/a><span class=\"StyledTextComponent-sc-hqqa9q NlCcT\"> &nbsp;&nbsp; |&nbsp; &nbsp; <\/span><span class=\"StyledTextComponent-sc-hqqa9q NlCcT\"><a class=\"StyledLink-sc-afbv6g gwhMBn\" href=\"https:\/\/www.volkswagen.de\/de\/mehr\/rechtliches\/cookie-richtlinie.html\"><span class=\"StyledLinkText-sc-12fkfup bPNfIu\">Coo\u00adkie-Richt\u00adli\u00adnie<\/span><\/a> &nbsp;&nbsp; | &nbsp;&nbsp; <\/span><a href=\"https:\/\/www.volkswagen.de\/de\/mehr\/rechtliches\/nutzungsbedingungen.html\"><span class=\"StyledTextComponent-sc-hqqa9q NlCcT\"><span class=\"StyledLinkText-sc-12fkfup bPNfIu\">Nut\u00adzungs\u00adbe\u00addin\u00adgun\u00adgen<\/span><\/span><\/a><span class=\"StyledTextComponent-sc-hqqa9q NlCcT\"> &nbsp;&nbsp; | &nbsp;&nbsp; <\/span><a href=\"https:\/\/www.volkswagen.de\/de\/mehr\/rechtliches\/datenschutzerklaerungen.html\"><span class=\"StyledTextComponent-sc-hqqa9q NlCcT\"><span class=\"StyledLinkText-sc-12fkfup bPNfIu\">Daten\u00adschutz<\/span><\/span><\/a><span class=\"StyledTextComponent-sc-hqqa9q NlCcT\"> &nbsp;&nbsp; | &nbsp;&nbsp; <\/span><span class=\"StyledTextComponent-sc-hqqa9q NlCcT\"><a class=\"StyledLink-sc-afbv6g gwhMBn\" href=\"https:\/\/www.volkswagen.de\/de\/mehr\/rechtliches\/lizenzhinweise-dritter.html\"><span class=\"StyledLinkText-sc-12fkfup bPNfIu\">Lizenz\u00adhin\u00adwei\u00adse Drit\u00adter<\/span><\/a><\/span><span class=\"StyledTextComponent-sc-hqqa9q NlCcT\"> <br><\/span><\/p>\t\t\t\t\t\t<\/div>\n\t\t\t\t<\/div>\n\t\t\t\t\t<\/div>\n\t\t<\/div>\n\t\t\t\t\t<\/div>\n\t\t<\/section>\n\t\t\t\t\t<\/div>\n\t\t<\/div>\n\t\t\t\t\t<\/div>\n\t\t<\/footer>\n\t\t\t\t<\/div>\n\t\t","protected":false},"excerpt":{"rendered":"<p>Pro\u00adzess\u00adtag: VW Haupt\u00adver\u00adhand\u00adlungkrea\u00adtiv beglei\u00adten W\u00e4h\u00adrend die Haupt\u00adver\u00adsamm\u00adlung von VW am 29.05.2024 im vir\u00adtu\u00adel\u00adlen Raum statt fand, gab es am VW-Stam\u00adm\u00ad\u00adsitz in Wolfs\u00adburg Pro\u00adtest auf der Stra\u00ad\u00dfe, auf dem Was\u00adser und in der Luft. Und weil VW die\u00adse Web\u00adsite gar nicht gefiel, gab es nach dem Pro\u00adtest den Pro\u00adzess. Herz\u00adlichs\u00adten Dank f\u00fcr die Ein\u00adla\u00addung. Ist die\u00adse [\u2026]<\/p>\n","protected":false},"author":1,"featured_media":0,"parent":0,"menu_order":0,"comment_status":"closed","ping_status":"closed","template":"elementor_canvas","meta":{"wp_typography_post_enhancements_disabled":false,"footnotes":""},"class_list":["post-34","page","type-page","status-publish","hentry"],"_links":{"self":[{"href":"https:\/\/volkswagen-umbauen.de\/index.php?rest_route=\/wp\/v2\/pages\/34","targetHints":{"allow":["GET"]}}],"collection":[{"href":"https:\/\/volkswagen-umbauen.de\/index.php?rest_route=\/wp\/v2\/pages"}],"about":[{"href":"https:\/\/volkswagen-umbauen.de\/index.php?rest_route=\/wp\/v2\/types\/page"}],"author":[{"embeddable":true,"href":"https:\/\/volkswagen-umbauen.de\/index.php?rest_route=\/wp\/v2\/users\/1"}],"replies":[{"embeddable":true,"href":"https:\/\/volkswagen-umbauen.de\/index.php?rest_route=%2Fwp%2Fv2%2Fcomments&post=34"}],"version-history":[{"count":296,"href":"https:\/\/volkswagen-umbauen.de\/index.php?rest_route=\/wp\/v2\/pages\/34\/revisions"}],"predecessor-version":[{"id":787,"href":"https:\/\/volkswagen-umbauen.de\/index.php?rest_route=\/wp\/v2\/pages\/34\/revisions\/787"}],"wp:attachment":[{"href":"https:\/\/volkswagen-umbauen.de\/index.php?rest_route=%2Fwp%2Fv2%2Fmedia&parent=34"}],"curies":[{"name":"wp","href":"https:\/\/api.w.org\/{rel}","templated":true}]}}